{"id":62,"date":"2024-06-05T16:00:22","date_gmt":"2024-06-05T16:00:22","guid":{"rendered":"https:\/\/e0db8a79c5.363.mcms.ovh.net\/?page_id=62"},"modified":"2025-11-11T15:40:04","modified_gmt":"2025-11-11T15:40:04","slug":"services-administratifs-barcelone-espagne","status":"publish","type":"page","link":"https:\/\/e0db8a79c5.363.mcms.ovh.net\/?page_id=62","title":{"rendered":"Services administratifs Barcelone (Espagne)"},"content":{"rendered":"<p>[et_pb_section fb_built=\u00a0\u00bb1&Prime; admin_label=\u00a0\u00bbHeader\u00a0\u00bb _builder_version=\u00a0\u00bb4.20.0&Prime; _module_preset=\u00a0\u00bbdefault\u00a0\u00bb collapsed=\u00a0\u00bbon\u00a0\u00bb global_colors_info=\u00a0\u00bb{}\u00a0\u00bb][et_pb_row column_structure=\u00a0\u00bb3_5,2_5&Prime; _builder_version=\u00a0\u00bb4.20.0&Prime; _module_preset=\u00a0\u00bbdefault\u00a0\u00bb global_colors_info=\u00a0\u00bb{}\u00a0\u00bb][et_pb_column type=\u00a0\u00bb3_5&Prime; _builder_version=\u00a0\u00bb4.20.0&Prime; _module_preset=\u00a0\u00bbdefault\u00a0\u00bb global_colors_info=\u00a0\u00bb{}\u00a0\u00bb][et_pb_text _builder_version=\u00a0\u00bb4.27.0&Prime; _module_preset=\u00a0\u00bb_initial\u00a0\u00bb header_font=\u00a0\u00bb||||||||\u00a0\u00bb header_font_size=\u00a0\u00bb72px\u00a0\u00bb header_line_height=\u00a0\u00bb1.2em\u00a0\u00bb custom_margin=\u00a0\u00bb||10px||false|false\u00a0\u00bb animation_style=\u00a0\u00bbslide\u00a0\u00bb animation_duration=\u00a0\u00bb1500ms\u00a0\u00bb animation_intensity_slide=\u00a0\u00bb7%\u00a0\u00bb header_font_size_tablet=\u00a0\u00bb40px\u00a0\u00bb header_font_size_phone=\u00a0\u00bb33px\u00a0\u00bb header_font_size_last_edited=\u00a0\u00bbon|phone\u00a0\u00bb global_colors_info=\u00a0\u00bb{}\u00a0\u00bb]<\/p>\n<h1>Services administratifs<\/h1>\n<p>[\/et_pb_text][et_pb_text _builder_version=\u00a0\u00bb4.27.0&Prime; _module_preset=\u00a0\u00bb_initial\u00a0\u00bb text_font_size=\u00a0\u00bb16px\u00a0\u00bb text_line_height=\u00a0\u00bb1.8em\u00a0\u00bb text_orientation=\u00a0\u00bbjustified\u00a0\u00bb text_font_size_tablet=\u00a0\u00bb15px\u00a0\u00bb text_font_size_phone=\u00a0\u00bb15px\u00a0\u00bb text_font_size_last_edited=\u00a0\u00bbon|phone\u00a0\u00bb global_colors_info=\u00a0\u00bb{}\u00a0\u00bb]<\/p>\n<p>Nous comprenons que l\u2019installation dans un nouveau pays peut \u00eatre complexe et stressante. C\u2019est pourquoi nous proposons une gamme compl\u00e8te de services pour faciliter votre transition, incluant l&rsquo;obtention de visas, le num\u00e9ro d\u2019identification \u00e9tranger (NIE), l\u2019enregistrement \u00e0 la mairie, l\u2019ouverture de comptes bancaires, et bien plus encore. Notre \u00e9quipe d\u2019experts est l\u00e0 pour vous accompagner \u00e0 chaque \u00e9tape, vous offrant des solutions adapt\u00e9es \u00e0 vos besoins pour une int\u00e9gration r\u00e9ussie en Espagne. Explorez nos services et d\u00e9couvrez comment nous pouvons simplifier vos d\u00e9marches administratives.<\/p>\n<p>[\/et_pb_text][\/et_pb_column][et_pb_column type=\u00a0\u00bb2_5&Prime; _builder_version=\u00a0\u00bb4.20.0&Prime; _module_preset=\u00a0\u00bbdefault\u00a0\u00bb global_colors_info=\u00a0\u00bb{}\u00a0\u00bb][et_pb_image src=\u00a0\u00bbhttps:\/\/e0db8a79c5.363.mcms.ovh.net\/wp-content\/uploads\/2024\/07\/services-administratis-espagne-barcelone.jpg\u00a0\u00bb title_text=\u00a0\u00bbservices administratis espagne barcelone\u00a0\u00bb _builder_version=\u00a0\u00bb4.26.1&Prime; _module_preset=\u00a0\u00bbdefault\u00a0\u00bb background_color=\u00a0\u00bb#FFFFFF\u00a0\u00bb animation_style=\u00a0\u00bbzoom\u00a0\u00bb animation_intensity_zoom=\u00a0\u00bb30%\u00a0\u00bb border_radii=\u00a0\u00bbon|40px|40px|40px|40px\u00a0\u00bb box_shadow_style=\u00a0\u00bbpreset4&Prime; box_shadow_horizontal=\u00a0\u00bb0px\u00a0\u00bb box_shadow_vertical=\u00a0\u00bb4px\u00a0\u00bb box_shadow_blur=\u00a0\u00bb94px\u00a0\u00bb box_shadow_color=\u00a0\u00bbrgba(0,0,0,0.1)\u00a0\u00bb global_colors_info=\u00a0\u00bb{}\u00a0\u00bb][\/et_pb_image][\/et_pb_column][\/et_pb_row][\/et_pb_section][et_pb_section fb_built=\u00a0\u00bb1&Prime; custom_padding_last_edited=\u00a0\u00bbon|phone\u00a0\u00bb admin_label=\u00a0\u00bbFeatures\u00a0\u00bb _builder_version=\u00a0\u00bb4.26.1&Prime; _module_preset=\u00a0\u00bbdefault\u00a0\u00bb use_background_color_gradient=\u00a0\u00bbon\u00a0\u00bb background_color_gradient_type=\u00a0\u00bbconic\u00a0\u00bb background_color_gradient_direction=\u00a0\u00bb360deg\u00a0\u00bb background_color_gradient_stops=\u00a0\u00bb#2a2e40 0%|rgba(130, 24, 33, 1) 48%|#e20000 100%\u00a0\u00bb background_color_gradient_overlays_image=\u00a0\u00bbon\u00a0\u00bb background_color_gradient_start=\u00a0\u00bb#12163D\u00a0\u00bb background_color_gradient_end=\u00a0\u00bb#2b2996&Prime; background_image=\u00a0\u00bbhttps:\/\/e0db8a79c5.363.mcms.ovh.net\/wp-content\/uploads\/2024\/06\/civil-engineering-11.png\u00a0\u00bb custom_margin=\u00a0\u00bb|||\u00a0\u00bb custom_padding=\u00a0\u00bb|0|||false|false\u00a0\u00bb custom_padding_tablet=\u00a0\u00bb200px|||\u00a0\u00bb custom_padding_phone=\u00a0\u00bb150px||100px|\u00a0\u00bb top_divider_height_tablet=\u00a0\u00bb200px\u00a0\u00bb top_divider_height_phone=\u00a0\u00bb150px\u00a0\u00bb top_divider_height_last_edited=\u00a0\u00bbon|phone\u00a0\u00bb collapsed=\u00a0\u00bbon\u00a0\u00bb global_colors_info=\u00a0\u00bb{%22gcid-1b4a3854-7b44-49f6-922e-e1ac36476373%22:%91%22background_color%22%93}\u00a0\u00bb][et_pb_row column_structure=\u00a0\u00bb1_2,1_2&Prime; _builder_version=\u00a0\u00bb4.26.1&Prime; _module_preset=\u00a0\u00bbdefault\u00a0\u00bb global_colors_info=\u00a0\u00bb{}\u00a0\u00bb][et_pb_column type=\u00a0\u00bb1_2&Prime; _builder_version=\u00a0\u00bb4.20.0&Prime; _module_preset=\u00a0\u00bbdefault\u00a0\u00bb global_colors_info=\u00a0\u00bb{}\u00a0\u00bb][et_pb_text _builder_version=\u00a0\u00bb4.27.0&Prime; _module_preset=\u00a0\u00bb_initial\u00a0\u00bb header_2_font=\u00a0\u00bb||||||||\u00a0\u00bb header_2_text_color=\u00a0\u00bb#FFFFFF\u00a0\u00bb header_2_font_size=\u00a0\u00bb52px\u00a0\u00bb header_2_line_height=\u00a0\u00bb1.2em\u00a0\u00bb header_2_font_size_tablet=\u00a0\u00bb32px\u00a0\u00bb header_2_font_size_phone=\u00a0\u00bb26px\u00a0\u00bb header_2_font_size_last_edited=\u00a0\u00bbon|desktop\u00a0\u00bb global_colors_info=\u00a0\u00bb{}\u00a0\u00bb]<\/p>\n<h2>Num\u00e9ro d\u2019identification \u00e9tranger (NIE)<\/h2>\n<p>[\/et_pb_text][et_pb_text _builder_version=\u00a0\u00bb4.27.0&Prime; _module_preset=\u00a0\u00bb_initial\u00a0\u00bb text_text_color=\u00a0\u00bb#FFFFFF\u00a0\u00bb text_font_size=\u00a0\u00bb16px\u00a0\u00bb text_line_height=\u00a0\u00bb1.8em\u00a0\u00bb text_font_size_tablet=\u00a0\u00bb15px\u00a0\u00bb text_font_size_phone=\u00a0\u00bb15px\u00a0\u00bb text_font_size_last_edited=\u00a0\u00bbon|desktop\u00a0\u00bb global_colors_info=\u00a0\u00bb{}\u00a0\u00bb]<\/p>\n<p>C\u2019est votre num\u00e9ro d\u2019identification aupr\u00e8s de l\u2019administration, il vous est attribu\u00e9 \u00e0 vie.<\/p>\n<p>Il existe deux types de NIE<\/p>\n<ul>\n<li>Le premier qui est souvent appel\u00e9 NIE Blanc ou Administratif, ne concerne que les personnes qui ont un besoin uniquement transactionnel (achat d\u2019un bien, cr\u00e9ation d\u2019entreprise ou d\u2019\u00eatre identifi\u00e9 avec l\u2019administration espagnole)<\/li>\n<li>Le deuxi\u00e8me est un document qui vous enregistre comme r\u00e9sident en Espagne :\n<ul>\n<li>Soit attach\u00e9 \u00e0 votre carte de r\u00e9sidence \u00e9trang\u00e8re (TIE) pour les citoyens des pays en dehors de l\u2019accord Schengen<\/li>\n<li>Soit avec votre passeport pour les Europ\u00e9ens pour les citoyens Europ\u00e9ens<\/li>\n<\/ul>\n<\/li>\n<\/ul>\n<p>[\/et_pb_text][et_pb_button button_url=\u00a0\u00bbhttps:\/\/e0db8a79c5.363.mcms.ovh.net\/prendre-rdv\/\u00a0\u00bb button_text=\u00a0\u00bbPrendre RDV\u00a0\u00bb _builder_version=\u00a0\u00bb4.26.1&Prime; _module_preset=\u00a0\u00bb_initial\u00a0\u00bb custom_button=\u00a0\u00bbon\u00a0\u00bb button_text_size=\u00a0\u00bb14px\u00a0\u00bb button_text_color=\u00a0\u00bb#FFFFFF\u00a0\u00bb button_bg_color=\u00a0\u00bbRGBA(255,255,255,0)\u00a0\u00bb button_border_color=\u00a0\u00bbrgba(255,255,255,0.97)\u00a0\u00bb button_border_radius=\u00a0\u00bb100px\u00a0\u00bb button_letter_spacing=\u00a0\u00bb0.16em\u00a0\u00bb button_font=\u00a0\u00bb|||on|||||\u00a0\u00bb button_icon=\u00a0\u00bb&#x24;||divi||400&Prime; custom_margin=\u00a0\u00bb30px||||false|false\u00a0\u00bb custom_padding=\u00a0\u00bb10px|24px|10px|24px|true|true\u00a0\u00bb global_colors_info=\u00a0\u00bb{}\u00a0\u00bb][\/et_pb_button][\/et_pb_column][et_pb_column type=\u00a0\u00bb1_2&Prime; _builder_version=\u00a0\u00bb4.26.1&Prime; _module_preset=\u00a0\u00bbdefault\u00a0\u00bb animation_style=\u00a0\u00bbslide\u00a0\u00bb animation_direction=\u00a0\u00bbright\u00a0\u00bb animation_duration=\u00a0\u00bb1500ms\u00a0\u00bb animation_intensity_slide=\u00a0\u00bb10%\u00a0\u00bb global_colors_info=\u00a0\u00bb{}\u00a0\u00bb][et_pb_blurb title=\u00a0\u00bbPrise de Rendez-vous simple\u00a0\u00bb use_icon=\u00a0\u00bbon\u00a0\u00bb font_icon=\u00a0\u00bb&#xf274;||fa||900&Prime; icon_color=\u00a0\u00bb#FFFFFF\u00a0\u00bb icon_placement=\u00a0\u00bbleft\u00a0\u00bb image_icon_width=\u00a0\u00bb40px\u00a0\u00bb content_max_width=\u00a0\u00bb100%\u00a0\u00bb _builder_version=\u00a0\u00bb4.27.0&Prime; _module_preset=\u00a0\u00bb_initial\u00a0\u00bb header_level=\u00a0\u00bbh3&Prime; header_font=\u00a0\u00bb||||||||\u00a0\u00bb header_text_color=\u00a0\u00bb#FFFFFF\u00a0\u00bb header_font_size=\u00a0\u00bb24px\u00a0\u00bb header_line_height=\u00a0\u00bb1.4em\u00a0\u00bb body_text_color=\u00a0\u00bb#FFFFFF\u00a0\u00bb body_font_size=\u00a0\u00bb16px\u00a0\u00bb body_line_height=\u00a0\u00bb1.8em\u00a0\u00bb custom_margin_tablet=\u00a0\u00bb50px||||false|false\u00a0\u00bb custom_margin_phone=\u00a0\u00bb50px||||false|false\u00a0\u00bb custom_margin_last_edited=\u00a0\u00bbon|phone\u00a0\u00bb animation=\u00a0\u00bboff\u00a0\u00bb header_font_size_tablet=\u00a0\u00bb20px\u00a0\u00bb header_font_size_phone=\u00a0\u00bb17px\u00a0\u00bb header_font_size_last_edited=\u00a0\u00bbon|phone\u00a0\u00bb body_font_size_tablet=\u00a0\u00bb15px\u00a0\u00bb body_font_size_phone=\u00a0\u00bb14px\u00a0\u00bb body_font_size_last_edited=\u00a0\u00bbon|desktop\u00a0\u00bb locked=\u00a0\u00bboff\u00a0\u00bb global_colors_info=\u00a0\u00bb{}\u00a0\u00bb]<\/p>\n<p>Vous faites votre dossier et on ne s\u2019occupe que de la prise du rdv avec les informations dont nous avons besoin.<br \/>Notre tarif 80\u20acHT + TVA<\/p>\n<p>[\/et_pb_blurb][et_pb_blurb title=\u00a0\u00bbRenouvellement de votre carte NIE ou TIE \u00a0\u00bb use_icon=\u00a0\u00bbon\u00a0\u00bb font_icon=\u00a0\u00bb&#xf53c;||fa||900&Prime; icon_color=\u00a0\u00bb#FFFFFF\u00a0\u00bb icon_placement=\u00a0\u00bbleft\u00a0\u00bb image_icon_width=\u00a0\u00bb40px\u00a0\u00bb content_max_width=\u00a0\u00bb100%\u00a0\u00bb _builder_version=\u00a0\u00bb4.27.0&Prime; _module_preset=\u00a0\u00bb_initial\u00a0\u00bb header_level=\u00a0\u00bbh3&Prime; header_font=\u00a0\u00bb||||||||\u00a0\u00bb header_text_color=\u00a0\u00bb#FFFFFF\u00a0\u00bb header_font_size=\u00a0\u00bb24px\u00a0\u00bb header_line_height=\u00a0\u00bb1.4em\u00a0\u00bb body_text_color=\u00a0\u00bb#FFFFFF\u00a0\u00bb body_font_size=\u00a0\u00bb16px\u00a0\u00bb body_line_height=\u00a0\u00bb1.8em\u00a0\u00bb animation=\u00a0\u00bboff\u00a0\u00bb header_font_size_tablet=\u00a0\u00bb20px\u00a0\u00bb header_font_size_phone=\u00a0\u00bb17px\u00a0\u00bb header_font_size_last_edited=\u00a0\u00bbon|phone\u00a0\u00bb body_font_size_tablet=\u00a0\u00bb15px\u00a0\u00bb body_font_size_phone=\u00a0\u00bb14px\u00a0\u00bb body_font_size_last_edited=\u00a0\u00bbon|desktop\u00a0\u00bb locked=\u00a0\u00bboff\u00a0\u00bb global_colors_info=\u00a0\u00bb{}\u00a0\u00bb]Suite \u00e0 l\u2019expiration ou \u00e0 la perte ?<br \/>\nVeuillez nous consulter [\/et_pb_blurb][et_pb_blurb title=\u00a0\u00bbPrise de rendez-vous + Constitution du dossier\u00a0\u00bb use_icon=\u00a0\u00bbon\u00a0\u00bb font_icon=\u00a0\u00bb&#x69;||divi||400&Prime; icon_color=\u00a0\u00bb#FFFFFF\u00a0\u00bb icon_placement=\u00a0\u00bbleft\u00a0\u00bb image_icon_width=\u00a0\u00bb40px\u00a0\u00bb content_max_width=\u00a0\u00bb100%\u00a0\u00bb _builder_version=\u00a0\u00bb4.27.0&Prime; _module_preset=\u00a0\u00bb_initial\u00a0\u00bb header_level=\u00a0\u00bbh3&Prime; header_font=\u00a0\u00bb||||||||\u00a0\u00bb header_text_color=\u00a0\u00bb#FFFFFF\u00a0\u00bb header_font_size=\u00a0\u00bb24px\u00a0\u00bb header_line_height=\u00a0\u00bb1.4em\u00a0\u00bb body_text_color=\u00a0\u00bb#FFFFFF\u00a0\u00bb body_font_size=\u00a0\u00bb16px\u00a0\u00bb body_line_height=\u00a0\u00bb1.8em\u00a0\u00bb animation=\u00a0\u00bboff\u00a0\u00bb header_font_size_tablet=\u00a0\u00bb20px\u00a0\u00bb header_font_size_phone=\u00a0\u00bb17px\u00a0\u00bb header_font_size_last_edited=\u00a0\u00bbon|phone\u00a0\u00bb body_font_size_tablet=\u00a0\u00bb15px\u00a0\u00bb body_font_size_phone=\u00a0\u00bb14px\u00a0\u00bb body_font_size_last_edited=\u00a0\u00bbon|desktop\u00a0\u00bb locked=\u00a0\u00bboff\u00a0\u00bb global_colors_info=\u00a0\u00bb{}\u00a0\u00bb]<\/p>\n<p>Une solution prise de rendez-vous ou l\u2019on s\u2019occupe de constituer votre dossier, on s\u2019assure que l\u2019ensemble des documents et autre formulaire soit parfaitement rempli.<br \/>Vous vous pr\u00e9sentez au rendez-vous avec votre dossier et vos documents, nous vous donnons une feuille de route avec toutes les instructions.<\/p>\n<p>Nos tarifs<\/p>\n<ul>\n<li>sans accompagnement (vous vous d\u00e9placez)= 165\u20acHT+TVA par personne<\/li>\n<li>avec accompagnement (nous nous d\u00e9pla\u00e7ons avec vous pour pr\u00e9senter votre dossier) = 210\u20acHT+TVA par personne<\/li>\n<\/ul>\n<p>Attention : les enfants ne b\u00e9n\u00e9ficient pas de tarif r\u00e9duit, h\u00e9las l\u2019administration espagnole consid\u00e8re les enfants comme une personne \u00e0 part enti\u00e8re.<\/p>\n<p>[\/et_pb_blurb][\/et_pb_column][\/et_pb_row][\/et_pb_section][et_pb_section fb_built=\u00a0\u00bb1&Prime; admin_label=\u00a0\u00bbCall to Action\u00a0\u00bb _builder_version=\u00a0\u00bb4.26.1&Prime; _module_preset=\u00a0\u00bbdefault\u00a0\u00bb background_image=\u00a0\u00bbhttps:\/\/e0db8a79c5.363.mcms.ovh.net\/wp-content\/uploads\/2024\/06\/investing-16-1.jpg\u00a0\u00bb collapsed=\u00a0\u00bbon\u00a0\u00bb global_colors_info=\u00a0\u00bb{}\u00a0\u00bb][et_pb_row column_structure=\u00a0\u00bb1_2,1_2&Prime; _builder_version=\u00a0\u00bb4.19.0&Prime; _module_preset=\u00a0\u00bbdefault\u00a0\u00bb global_colors_info=\u00a0\u00bb{}\u00a0\u00bb][et_pb_column type=\u00a0\u00bb1_2&Prime; _builder_version=\u00a0\u00bb4.18.1&Prime; _module_preset=\u00a0\u00bbdefault\u00a0\u00bb global_colors_info=\u00a0\u00bb{}\u00a0\u00bb][et_pb_text _builder_version=\u00a0\u00bb4.27.0&Prime; _module_preset=\u00a0\u00bb_initial\u00a0\u00bb header_2_font=\u00a0\u00bb||||||||\u00a0\u00bb header_2_font_size=\u00a0\u00bb48px\u00a0\u00bb header_2_letter_spacing=\u00a0\u00bb-0.02em\u00a0\u00bb header_2_line_height=\u00a0\u00bb1.2em\u00a0\u00bb custom_margin=\u00a0\u00bb||10px||false|false\u00a0\u00bb header_2_font_size_tablet=\u00a0\u00bb38px\u00a0\u00bb header_2_font_size_phone=\u00a0\u00bb28px\u00a0\u00bb header_2_font_size_last_edited=\u00a0\u00bbon|phone\u00a0\u00bb global_colors_info=\u00a0\u00bb{}\u00a0\u00bb]<\/p>\n<h2>Visa en Espagne<\/h2>\n<p>[\/et_pb_text][et_pb_text _builder_version=\u00a0\u00bb4.27.0&Prime; _module_preset=\u00a0\u00bb_initial\u00a0\u00bb text_font=\u00a0\u00bb|500|||||||\u00a0\u00bb text_font_size=\u00a0\u00bb16px\u00a0\u00bb text_letter_spacing=\u00a0\u00bb-0.01em\u00a0\u00bb text_line_height=\u00a0\u00bb1.8em\u00a0\u00bb text_font_size_tablet=\u00a0\u00bb15px\u00a0\u00bb text_font_size_phone=\u00a0\u00bb15px\u00a0\u00bb text_font_size_last_edited=\u00a0\u00bbon|phone\u00a0\u00bb header_font_size_tablet=\u00a0\u00bb55px\u00a0\u00bb header_font_size_last_edited=\u00a0\u00bboff|desktop\u00a0\u00bb global_colors_info=\u00a0\u00bb{}\u00a0\u00bb]<\/p>\n<p>Suivant votre situation, nous pouvons vous aider dans les d\u00e9marches de demande de visa couvrant les situations les plus simples au plus complexes. Dans certains cas (les plus complexes), nous utilisions notre r\u00e9seau d\u2019avocat sp\u00e9cialis\u00e9 en Immigration pour nous assurer d\u2019avoir les dossiers les plus solides. \u2028Nos services couvrent l\u2019ensemble des demandes de visa.<\/p>\n<p>Il existe 2 grandes cat\u00e9gories de visa<\/p>\n<p>[\/et_pb_text][et_pb_toggle title=\u00a0\u00bbLes visas dit : Schengen\u00a0\u00bb open_toggle_text_color=\u00a0\u00bb#000000&Prime; icon_color=\u00a0\u00bb#E20000&Prime; _builder_version=\u00a0\u00bb4.27.0&Prime; _module_preset=\u00a0\u00bbdefault\u00a0\u00bb title_text_color=\u00a0\u00bb#000000&Prime; title_level=\u00a0\u00bbh4&Prime; title_font_size=\u00a0\u00bb18px\u00a0\u00bb title_font_size_tablet=\u00a0\u00bb\u00a0\u00bb title_font_size_phone=\u00a0\u00bb\u00a0\u00bb title_font_size_last_edited=\u00a0\u00bbon|phone\u00a0\u00bb body_font_size_tablet=\u00a0\u00bb\u00a0\u00bb body_font_size_phone=\u00a0\u00bb\u00a0\u00bb body_font_size_last_edited=\u00a0\u00bbon|phone\u00a0\u00bb global_colors_info=\u00a0\u00bb{}\u00a0\u00bb]<\/p>\n<h4><strong>Visa Schengen<\/strong><\/h4>\n<p>Ce visa permet de s\u00e9journer dans l&rsquo;espace Schengen pendant 90 jours maximum (sur toute p\u00e9riode de jours) et il peut \u00eatre accord\u00e9 pour les raisons suivantes\u00a0: voyage touristique ou professionnel, visite familiale ou soins m\u00e9dicaux\u00a0; formation, stage non r\u00e9mun\u00e9r\u00e9 ou activit\u00e9s de volontariat d&rsquo;une dur\u00e9e inf\u00e9rieure \u00e0 trois mois\u00a0; autres activit\u00e9s \u00e0 but non lucratif. Il autorise \u00e9galement le transit territorial et a\u00e9roportuaire.<br \/>Le visa Schengen permet de se rendre dans n&rsquo;importe quel \u00c9tat Schengen et de circuler sur son territoire, mais il n&rsquo;implique pas un droit automatique d&rsquo;entr\u00e9e dans l&rsquo;espace Schengen. Les autorit\u00e9s aux fronti\u00e8res peuvent refuser l&rsquo;entr\u00e9e d&rsquo;une personne munie d&rsquo;un visa Schengen si celle-ci ne peut pas pr\u00e9senter de documents justifiant l&rsquo;objet et les conditions de son s\u00e9jour ou si elle ne remplit pas les autres conditions d&rsquo;entr\u00e9e.<\/p>\n<p>&nbsp;<\/p>\n<h4><strong>Visa de transit<\/strong><\/h4>\n<p>Les ressortissants des pays suivants doivent \u00eatre munis d&rsquo;un visa pour rester dans la zone de transit internationale d&rsquo;un a\u00e9roport situ\u00e9 sur le territoire d&rsquo;un \u00c9tat Schengen en attendant la correspondance pour un pays situ\u00e9 hors de l&rsquo;espace Schengen\u00a0:<br \/>&#8211; Afghanistan, Bangladesh, \u00c9rythr\u00e9e, \u00c9thiopie, Ghana, Irak, Iran, Nigeria, Pakistan, R\u00e9publique D\u00e9mocratique du Congo, Somalie et Sri Lanka.<br \/>Par ailleurs, les ressortissants des pays suivants doivent \u00eatre munis d&rsquo;un visa pour rester dans la zone de transit internationale d&rsquo;un a\u00e9roport situ\u00e9 en Espagne en attendant la correspondance pour un pays situ\u00e9 hors de l&rsquo;espace Schengen\u00a0:<br \/>&#8211; Burkina Faso, Cameroun, C\u00f4te d&rsquo;Ivoire, Cuba, Djibouti, Gambie, Guin\u00e9e, Guin\u00e9e Bissau, Haiti, Inde, Kenya, Liberia, Mali, R\u00e9publique du Congo, S\u00e9n\u00e9gal,\u00a0 Sierra Leone, Syrie, Tadjikistan,Togo, Turquie, Uzbekistan et Y\u00e9men. Les personnes titulaires de passeports d\u00e9livr\u00e9s par l&rsquo;Autorit\u00e9 palestinienne doivent \u00e9galement \u00eatre munies de ce type de visa.<\/p>\n<p>Les ressortissants des \u00c9tats \u00e9num\u00e9r\u00e9s aux deux points ci-dessus sont dispens\u00e9s de visa de transit a\u00e9roportuaire lorsqu&rsquo;ils sont titulaires d&rsquo;un visa Schengen, d&rsquo;un visa ou d&rsquo;un titre de s\u00e9jour qui garantit un droit de retour, d\u00e9livr\u00e9s par un \u00c9tat membre de l&rsquo;Union europ\u00e9enne ou de l&rsquo;Espace \u00e9conomique europ\u00e9en, par la Suisse, ou par l&rsquo;un des pays suivants\u00a0: Andorre, Canada, \u00c9tats-Unis, Japon, la R\u00e9publique de Saint-Marin, ou par l&rsquo;un des pays et territoires d&rsquo;outre-mer du Royaume des Pays-Bas. Sont \u00e9galement dispens\u00e9s du visa de transit les titulaires d&rsquo;un passeport diplomatique, les membres de famille d&rsquo;un citoyen de l&rsquo;Union europ\u00e9enne ou de l&rsquo;Espace \u00e9conomique europ\u00e9en, ainsi que les membres d&rsquo;\u00e9quipage d&rsquo;avions des \u00c9tats membres de l&rsquo;OACI.<\/p>\n<p>Le visa de transit a\u00e9roportuaire permet de rester dans la zone de transit internationale d&rsquo;un a\u00e9roport de l&rsquo;espace Schengen mais il n&rsquo;autorise pas l&rsquo;entr\u00e9e sur le territoire d&rsquo;un \u00c9tat Schengen. En cas de correspondance avec changement de terminal qui implique le franchissement d&rsquo;une fronti\u00e8re, il est n\u00e9cessaire d&rsquo;\u00eatre muni d&rsquo;un visa Schengen.<\/p>\n<p>&nbsp;<\/p>\n<h4><strong>Visa de membre de la famille d\u2019un ressortissant de l\u2019Union europ\u00e9enne<\/strong><\/h4>\n<p>Lorsqu&rsquo;un membre de la famille d&rsquo;un ressortissant de l&rsquo;Union europ\u00e9enne (UE), d&rsquo;un \u00c9tat partie \u00e0 l&rsquo;Espace \u00e9conomique europ\u00e9en (EEE), de Suisse, ou du Royaume-Uni b\u00e9n\u00e9ficiaire de l&rsquo;accord de retrait, accompagne ce dernier en Espagne ou se rend en Espagne pour le rejoindre, il peut solliciter un visa \u00e0 caract\u00e8re pr\u00e9f\u00e9rentiel et gratuit.<\/p>\n<p>Par membre de la famille d&rsquo;un ressortissant de l&rsquo;Union europ\u00e9enne, on entend :<br \/>\u2022 Son conjoint, \u00e0 condition qu&rsquo;il n&rsquo;y ait pas eu reconnaissance ou d\u00e9claration de nullit\u00e9 du lien matrimonial ou divorce.<br \/>\u2022 Le partenaire de fait avec lequel il a contract\u00e9 une union \u00e9quivalente au mariage, inscrite dans un registre public cr\u00e9\u00e9 \u00e0 cet effet dans un \u00c9tat membre de l&rsquo;Union europ\u00e9enne (UE), dans un \u00c9tat partie \u00e0 l&rsquo;Espace \u00e9conomique europ\u00e9en (EEE) ou en Suisse, \u00e0 condition que ladite inscription n&rsquo;ait pas fait l&rsquo;objet d&rsquo;une annulation.<br \/>\u2022 Ses descendants directs \u00e2g\u00e9s de moins de 21 ans, ou \u00e2g\u00e9s de 21 ans ou plus et \u00e0 sa charge, ou incapables ; ceux de son conjoint ou partenaire enregistr\u00e9 remplissant les m\u00eames crit\u00e8res, \u00e0 condition qu&rsquo;il n&rsquo;y ait pas eu reconnaissance ou d\u00e9claration de nullit\u00e9 du lien matrimonial, divorce ou annulation de l&rsquo;union enregistr\u00e9e.<br \/>\u2022 Ses ascendants directs, et les ascendants directs de son conjoint ou partenaire enregistr\u00e9 qui sont \u00e0 sa charge, \u00e0 condition qu&rsquo;il n&rsquo;y ait pas eu reconnaissance ou d\u00e9claration de nullit\u00e9 du lien matrimonial, divorce ou annulation de l&rsquo;union enregistr\u00e9e<br \/>\u2022 Tout autre membre de la famille qui, dans le pays de provenance, est \u00e0 la charge du ressortissant communautaire ou vit avec lui.<br \/>\u2022 \u00c0 titre exceptionnel, tout autre membre de la famille dont le ressortissant de l&rsquo;Union europ\u00e9enne doit imp\u00e9rativement et personnellement s&rsquo;occuper pour des raisons de sant\u00e9 graves ou de handicap.<br \/>\u2022 Le partenaire avec lequel le ressortissant communautaire a une relation stable, \u00e0 condition qu&rsquo;il vive avec lui depuis au moins un an et puisse d\u00fbment l&rsquo;attester. Si le partenaire et le ressortissant communautaire ont des enfants en commun, il suffira de justifier la cohabitation stable.<\/p>\n<p>[\/et_pb_toggle][et_pb_toggle title=\u00a0\u00bbLes visas dit : National Visa\u00a0\u00bb open_toggle_text_color=\u00a0\u00bb#000000&Prime; icon_color=\u00a0\u00bb#E20000&Prime; _builder_version=\u00a0\u00bb4.27.4&Prime; _module_preset=\u00a0\u00bbdefault\u00a0\u00bb title_text_color=\u00a0\u00bb#000000&Prime; title_level=\u00a0\u00bbh4&Prime; title_font_size=\u00a0\u00bb18px\u00a0\u00bb hover_enabled=\u00a0\u00bb0&Prime; title_font_size_tablet=\u00a0\u00bb18px\u00a0\u00bb title_font_size_phone=\u00a0\u00bb18px\u00a0\u00bb title_font_size_last_edited=\u00a0\u00bbon|phone\u00a0\u00bb body_font_size_tablet=\u00a0\u00bb\u00a0\u00bb body_font_size_phone=\u00a0\u00bb\u00a0\u00bb body_font_size_last_edited=\u00a0\u00bbon|phone\u00a0\u00bb global_colors_info=\u00a0\u00bb{}\u00a0\u00bb sticky_enabled=\u00a0\u00bb0&Prime;]<\/p>\n<h4><strong>Visa \u00e9tudiant<\/strong><\/h4>\n<p>La demande de Visa doit se pr\u00e9senter bien avant le commencement des programmes d&rsquo;\u00e9tudes car le processus est long et d\u00e9pend de consultations avec d&rsquo;autres autorit\u00e9s.<br \/>Vous \u00eates responsable de soumettre tous les documents requis avec votre demande de visa.<br \/>Le visa \u00e9tudiant est d\u00e9livr\u00e9 pour un s\u00e9jour de plus de 90 jours effectu\u00e9 dans le cadre des \u00e9tudes, d&rsquo;un stage ou d&rsquo;un service de volontariat. Il est \u00e9galement d\u00e9livr\u00e9 aux jeunes au pair et aux assistants de langue vivante.<br \/>Le visa \u00e9tudiant n&rsquo;est pas n\u00e9cessaire si le s\u00e9jour effectu\u00e9 dans le cadre des \u00e9tudes n&rsquo;exc\u00e8de pas 90 jours. Selon la nationalit\u00e9 du demandeur, un visa de court s\u00e9jour Schengen peut \u00eatre demand\u00e9. (voir la rubrique \u00ab Visas Schengen \u00bb).<br \/>Certains membres de la famille du demandeur peuvent obtenir un visa pour l&rsquo;accompagner :<br \/>\u2022 son conjoint ou son partenaire de fait enregistr\u00e9 dans un registre public<br \/>\u2022 ses enfants mineurs ou incapables<\/p>\n<p>&nbsp;<\/p>\n<h4><strong>Visa scientifique<\/strong><\/h4>\n<p>Ce visa permet aux personnes ci-dessous de se d\u00e9placer en Espagne pour r\u00e9aliser des activit\u00e9s de formation, de recherche, de d\u00e9veloppement et d&rsquo;innovation au sein d&rsquo;organismes publics ou priv\u00e9s :<br \/>\u2022 Personnel de recherche vis\u00e9 \u00e0 l&rsquo;article 13 et \u00e0 la premi\u00e8re disposition additionnelle de la loi 14\/2011 du 1er juin 2011 relative \u00e0 la science, \u00e0 la technologie et \u00e0 l&rsquo;innovation.<br \/>\u2022 Personnel scientifique et technique r\u00e9alisant des travaux de recherche scientifique, de d\u00e9veloppement et d&rsquo;innovation technologique au sein d&rsquo;entreprises ou de centres de R&amp;D&amp;I \u00e9tablis en Espagne.<br \/>\u2022 Chercheurs accueillis dans le cadre d&rsquo;une convention par des \u00e9tablissements de recherche publics ou priv\u00e9s.<br \/>\u2022 Professeurs employ\u00e9s par des universit\u00e9s, des organes ou des centres d&rsquo;enseignement sup\u00e9rieur et de recherche, ou des \u00e9coles de commerce, \u00e9tablis en Espagne.<br \/>Un visa peut \u00e9galement \u00eatre d\u00e9livr\u00e9 aux membres de la famille suivants :<br \/>\u2022 le conjoint ou partenaire de fait ;<br \/>\u2022 les enfants mineurs et les enfants majeurs d\u00e9pendant financi\u00e8rement du chercheur et n&rsquo;ayant pas constitu\u00e9 leur propre cellule familiale ;<br \/>\u2022 les ascendants \u00e0 la charge du chercheur.<\/p>\n<p>&nbsp;<\/p>\n<h4><strong>Visa de stage<\/strong><\/h4>\n<p>Ce visa est destin\u00e9 aux \u00e9trangers qui ont obtenu un dipl\u00f4me d&rsquo;\u00e9tudes sup\u00e9rieures au cours des deux derni\u00e8res ann\u00e9es ou qui suivent des \u00e9tudes menant \u00e0 un dipl\u00f4me d&rsquo;\u00e9tudes sup\u00e9rieures en Espagne ou \u00e0 l&rsquo;\u00e9tranger, et qui participent \u00e0 un programme de stage en Espagne (sur la base de la signature d&rsquo;une convention de stage pendant les \u00e9tudes, ou d&rsquo;un contrat de stage au terme des \u00e9tudes) afin d&rsquo;am\u00e9liorer leurs connaissances, leur formation pratique et leur exp\u00e9rience dans un environnement professionnel.<br \/>Si ces conditions ne sont pas remplies, il est possible de demander un visa d&rsquo;\u00e9tudes pour la r\u00e9alisation d&rsquo;un autre type de stage en Espagne (voir \u00ab visas d&rsquo;\u00e9tudes \u00bb).<\/p>\n<p>&nbsp;<\/p>\n<h4><strong>Visa pour regroupement familial (r\u00e9gime g\u00e9n\u00e9ral)<\/strong><\/h4>\n<p>Ce visa est destin\u00e9 aux membres de la famille d&rsquo;\u00e9trangers ayant d\u00e9j\u00e0 leur r\u00e9sidence l\u00e9gale en Espagne et souhaitant exercer leur droit au regroupement familial.<br \/>Membres de la famille pouvant obtenir un visa pour regroupement familial<br \/>\u2022 Le conjoint du regroupant, s&rsquo;ils ne sont pas s\u00e9par\u00e9s de fait ou l\u00e9galement, ou la personne qui entretient avec le regroupant une relation affective analogue \u00e0 une relation conjugale (cette relation doit \u00eatre enregistr\u00e9e dans un registre public et l&rsquo;enregistrement ne doit pas avoir \u00e9t\u00e9 annul\u00e9), ou le partenaire non enregistr\u00e9, \u00e0 condition que la continuit\u00e9 d&rsquo;une relation de vie en commun avant l&rsquo;\u00e9tablissement de la r\u00e9sidence du regroupant en Espagne puisse \u00eatre d\u00e9montr\u00e9e. Un seul conjoint ou partenaire peut b\u00e9n\u00e9ficier du regroupement.<br \/>\u2022 Les enfants du regroupant, les enfants du conjoint ou du partenaire \u2013 y compris les enfants adopt\u00e9s (\u00e0 condition que l&rsquo;adoption soit valable en Espagne) \u2013 et les enfants dont le regroupant est le repr\u00e9sentant l\u00e9gal, s&rsquo;ils sont \u00e2g\u00e9s de moins de 18 ans ou s&rsquo;ils pr\u00e9sentent un handicap et ne sont pas capables objectivement de subvenir \u00e0 leurs besoins en raison de leur \u00e9tat de sant\u00e9.<br \/>\u2022 Les parents (p\u00e8re et m\u00e8re) du regroupant et ceux de son conjoint ou partenaire, \u00e0 condition qu&rsquo;ils soient \u00e0 la charge du regroupant, qu&rsquo;ils soient \u00e2g\u00e9s de plus de 65 ans et qu&rsquo;il y ait des raisons justifiant la n\u00e9cessit\u00e9 d&rsquo;autoriser leur s\u00e9jour en Espagne. \u00c0 titre exceptionnel et pour des raisons humanitaires, le regroupement de parents \u00e2g\u00e9s de moins de 65 ans peut \u00eatre autoris\u00e9.<\/p>\n<p>&nbsp;<\/p>\n<h4><strong>Visa salari\u00e9<\/strong><\/h4>\n<p>Ce visa concerne les personnes de 16 ans ou plus souhaitant exercer une activit\u00e9 salari\u00e9e en Espagne (avec contrat de travail). Il couvre \u00e9galement les travaux saisonniers.<\/p>\n<p>Visa pour activit\u00e9 professionnelle non salari\u00e9e ou lib\u00e9rale<br \/>Ce visa concerne les personnes de 16 ans ou plus souhaitant exercer une activit\u00e9 professionnelle non salari\u00e9e ou lib\u00e9rale en Espagne.<br \/>La d\u00e9livrance de ce visa requiert l&rsquo;obtention pr\u00e9alable d&rsquo;une autorisation initiale de s\u00e9jour pour activit\u00e9 professionnelle non salari\u00e9e. La proc\u00e9dure \u00e0 suivre comprend donc deux \u00e9tapes.<\/p>\n<p>Visa pour travailleurs hautement qualifi\u00e9s et transferts intergroupe<br \/>Visa pour travailleurs hautement qualifi\u00e9s : ce visa permet de r\u00e9aliser une activit\u00e9 salari\u00e9e en Espagne en tant que travailleur hautement qualifi\u00e9, cadre sup\u00e9rieur d&rsquo;une entreprise remplissant les conditions \u00e9tablies dans la r\u00e9glementation en vigueur, ou en tant que titulaire d&rsquo;un dipl\u00f4me d&rsquo;\u00e9tudes de premier ou de deuxi\u00e8me cycle d&rsquo;une universit\u00e9 ou d&rsquo;une \u00e9cole de commerce prestigieuses.<br \/>Visa pour transferts intergroupes : ce visa permet de r\u00e9aliser une activit\u00e9 salari\u00e9e en Espagne en tant que cadre sup\u00e9rieur, expert ou travailleur en formation, aux fins de l&rsquo;ex\u00e9cution d&rsquo;un contrat ou dans le cadre d&rsquo;une relation de travail, lorsque le transfert se produit au sein de la m\u00eame entreprise ou du m\u00eame groupe d&rsquo;entreprises.<br \/>Un visa peut \u00e9galement \u00eatre d\u00e9livr\u00e9 aux membres de la famille suivants :<br \/>\u2022 le conjoint ou partenaire de fait ;<br \/>\u2022 les enfants mineurs et les enfants majeurs d\u00e9pendant financi\u00e8rement du travailleur et n&rsquo;ayant pas constitu\u00e9 leur propre cellule familiale ;<br \/>\u2022 les ascendants \u00e0 la charge du travailleur.<\/p>\n<p>&nbsp;<\/p>\n<h4><strong>Visa pour entrepreneur<\/strong><\/h4>\n<p>Ce visa est destin\u00e9 aux \u00e9trangers souhaitant se rendre en Espagne afin d&rsquo;effectuer les formalit\u00e9s n\u00e9cessaires \u00e0 la r\u00e9alisation d&rsquo;une activit\u00e9 entrepreneuriale \u00e0 caract\u00e8re innovant, pr\u00e9sentant un int\u00e9r\u00eat \u00e9conomique particulier pour l&rsquo;Espagne.<br \/>Un visa peut \u00e9galement \u00eatre d\u00e9livr\u00e9 aux membres de la famille suivants :<br \/>\u2022 le conjoint ou partenaire de fait ;<br \/>\u2022 les enfants mineurs et les enfants majeurs d\u00e9pendant financi\u00e8rement de l&rsquo;entrepreneur et n&rsquo;ayant pas constitu\u00e9 leur propre cellule familiale ;<br \/>\u2022 les ascendants \u00e0 la charge de l&rsquo;entrepreneur.<\/p>\n<p>&nbsp;<\/p>\n<h4><strong>Visa de s\u00e9jour sans activit\u00e9 lucrative<\/strong><\/h4>\n<p>Ce visa est destin\u00e9 aux personnes souhaitant s&rsquo;installer en Espagne sans y exercer une activit\u00e9 lucrative (salari\u00e9e ou non salari\u00e9e) et disposant de moyens de subsistance garantis et suffisants. Ce visa n&rsquo;autorise pas \u00e0 travailler.<br \/>Ce visa peut \u00e9galement \u00eatre d\u00e9livr\u00e9 aux membres de la famille suivants :<br \/>\u2022 le conjoint ou partenaire de fait ;<br \/>\u2022 les enfants et ascendants \u00e0 charge faisant partie de la cellule familiale.<\/p>\n<p>&nbsp;<\/p>\n<h4><strong>Visa de recouvrement du statut de r\u00e9sident de longue dur\u00e9e ou de longue dur\u00e9e-UE<\/strong><\/h4>\n<p>Le statut de r\u00e9sident de longue dur\u00e9e peut \u00eatre recouvr\u00e9 par tout \u00e9tranger qui a obtenu un titre de s\u00e9jour de longue dur\u00e9e en Espagne et qui : a \u00e9t\u00e9 absent du territoire de l&rsquo;Union europ\u00e9enne pendant 12 mois cons\u00e9cutifs, ou a obtenu un titre de s\u00e9jour de longue dur\u00e9e-UE dans un autre \u00c9tat membre de l&rsquo;Union europ\u00e9enne, ou souhaite retourner en Espagne au terme de la p\u00e9riode de non-retour qu&rsquo;il s&rsquo;\u00e9tait engag\u00e9 \u00e0 respecter lorsqu&rsquo;il a accept\u00e9 le retour volontaire dans son pays d&rsquo;origine.<br \/>Le statut de r\u00e9sident de longue dur\u00e9e-UE peut \u00eatre recouvr\u00e9 par tout \u00e9tranger qui a eu le statut de r\u00e9sident de longue dur\u00e9e-UE en Espagne et qui : a \u00e9t\u00e9 absent du territoire de l&rsquo;Union europ\u00e9enne pendant 12 mois cons\u00e9cutifs, ou a obtenu un titre de s\u00e9jour de longue dur\u00e9e-UE dans un autre \u00c9tat membre de l&rsquo;Union europ\u00e9enne, ou a v\u00e9cu dans un pays autre que l&rsquo;Espagne pendant plus de 6 ans.<br \/>Afin d&rsquo;obtenir un visa de recouvrement du statut de r\u00e9sident de longue dur\u00e9e ou de longue dur\u00e9e-UE, il est n\u00e9cessaire de r\u00e9aliser au pr\u00e9alable la demande de recouvrement du titre de s\u00e9jour. La proc\u00e9dure se compose donc de deux phases.<\/p>\n<p>&nbsp;<\/p>\n<h4><strong>Visa de t\u00e9l\u00e9travail (nomade num\u00e9rique)<\/strong><\/h4>\n<p>La d\u00e9finition de ce type de travailleurs, ainsi que les conditions sp\u00e9cifiques qu&rsquo;ils doivent remplir pour obtenir un visa et un permis de s\u00e9jour, est envisag\u00e9e dans les nouveaux articles qui ont \u00e9t\u00e9 g\u00e9n\u00e9r\u00e9s apr\u00e8s la modification de la loi sur les entrepreneurs pour soutenir les entrepreneurs et leur internationalisation &#8211; les nomades num\u00e9riques :<\/p>\n<p>Ressortissants de pays tiers qui se rendent en Espagne pour effectuer un travail \u00e0 distance ou une activit\u00e9 professionnelle pour des entreprises situ\u00e9es en dehors du territoire national, gr\u00e2ce \u00e0 l&rsquo;utilisation exclusive de moyens et de syst\u00e8mes informatiques, t\u00e9l\u00e9matiques et de t\u00e9l\u00e9communication.<br \/>*Les citoyens de l&rsquo;Union europ\u00e9enne ou les personnes auxquelles s&rsquo;applique la l\u00e9gislation de l&rsquo;Union europ\u00e9enne ne peuvent pas pr\u00e9senter de demande].<br \/>&#8211; Dans le cas de l&rsquo;exercice d&rsquo;une activit\u00e9 professionnelle, le titulaire de l&rsquo;autorisation de t\u00e9l\u00e9travail \u00e0 caract\u00e8re international ne pourra travailler que pour des entreprises situ\u00e9es en dehors du territoire national.<br \/>&#8211; Dans le cas de l&rsquo;exercice d&rsquo;une activit\u00e9 professionnelle, le titulaire de l&rsquo;autorisation de t\u00e9l\u00e9travail \u00e0 caract\u00e8re international pourra travailler pour une entreprise situ\u00e9e en Espagne, \u00e0 condition que le pourcentage du travail susmentionn\u00e9 ne d\u00e9passe pas 20 % du total de son activit\u00e9 professionnelle.<\/p>\n<p>Les professionnels qualifi\u00e9s peuvent demander un visa ou une autorisation de t\u00e9l\u00e9travail s&rsquo;ils sont titulaires d&rsquo;un dipl\u00f4me ou d&rsquo;une licence d&rsquo;une universit\u00e9 reconnue, d&rsquo;une \u00e9cole de formation professionnelle ou d&rsquo;une \u00e9cole de commerce reconnue ou s&rsquo;ils ont une exp\u00e9rience professionnelle d&rsquo;au moins trois ans.<br \/>Les membres suivants de la famille du t\u00e9l\u00e9travailleur peuvent \u00e9galement obtenir le visa :<br \/>1) le conjoint ou le partenaire non mari\u00e9<br \/>2) Les enfants et les enfants adultes qui sont financi\u00e8rement d\u00e9pendants du t\u00e9l\u00e9travailleur et qui n&rsquo;ont pas cr\u00e9\u00e9 leur propre unit\u00e9 familiale.<br \/>3) Les ascendants dont le t\u00e9l\u00e9travailleur a la charge.<br \/>LES \u00c9TRANGERS QUI SE TROUVENT R\u00c9GULI\u00c8REMENT EN ESPAGNE PEUVENT DEMANDER UN PERMIS DE R\u00c9SIDENCE POUR TRAVAILLER \u00c0 DISTANCE POUR UNE ENTREPRISE SITU\u00c9E \u00c0 L&rsquo;\u00c9TRANGER (maximum de 3 ans), SANS AVOIR BESOIN D&rsquo;UN VISA PR\u00c9ALABLE.<\/p>\n<p>&nbsp;<\/p>\n<h4><strong>Visa d&rsquo;artiste\/de reporter<\/strong><\/h4>\n<p>Ce visa (EET) est un visa schengen qui permet \u00e0 son titulaire d&rsquo;exercer une activit\u00e9 \u00e0 l&rsquo;exception de l&rsquo;autorisation de travail.<\/p>\n<p>Qui doit demander ce visa ?<br \/>&#8211; Les artistes se produisant lors d&rsquo;un concert organis\u00e9 en Espagne<br \/>&#8211; Le personnel travaillant lors d&rsquo;un concert organis\u00e9 en Espagne<br \/>&#8211; Les journalistes qui se rendent en Espagne pour couvrir une r\u00e9union au sommet<\/p>\n<p>[\/et_pb_toggle][et_pb_text _builder_version=\u00a0\u00bb4.27.0&Prime; _module_preset=\u00a0\u00bbdefault\u00a0\u00bb text_font_size=\u00a0\u00bb12px\u00a0\u00bb global_colors_info=\u00a0\u00bb{}\u00a0\u00bb]<\/p>\n<p>Source : <a href=\"https:\/\/www.exteriores.gob.es\" target=\"_blank\" rel=\"noopener\">https:\/\/www.exteriores.gob.es<\/a><\/p>\n<p>[\/et_pb_text][et_pb_button button_url=\u00a0\u00bbhttps:\/\/e0db8a79c5.363.mcms.ovh.net\/prendre-rdv\/\u00a0\u00bb button_text=\u00a0\u00bbPrendre RDV\u00a0\u00bb _builder_version=\u00a0\u00bb4.26.1&Prime; _module_preset=\u00a0\u00bb_initial\u00a0\u00bb custom_button=\u00a0\u00bbon\u00a0\u00bb button_text_size=\u00a0\u00bb14px\u00a0\u00bb button_text_color=\u00a0\u00bb#FFFFFF\u00a0\u00bb button_bg_color=\u00a0\u00bb#e20000&Prime; button_border_width=\u00a0\u00bb0px\u00a0\u00bb button_border_radius=\u00a0\u00bb50px\u00a0\u00bb button_letter_spacing=\u00a0\u00bb1px\u00a0\u00bb button_font=\u00a0\u00bb|||on|||||\u00a0\u00bb button_icon=\u00a0\u00bb&#x24;||divi||400&Prime; custom_padding=\u00a0\u00bb16px|32px|16px|32px|true|true\u00a0\u00bb global_colors_info=\u00a0\u00bb{}\u00a0\u00bb button_bg_color__hover_enabled=\u00a0\u00bbon|hover\u00a0\u00bb button_bg_color__hover=\u00a0\u00bb#FFFFFF\u00a0\u00bb button_bg_enable_color__hover=\u00a0\u00bbon\u00a0\u00bb][\/et_pb_button][\/et_pb_column][et_pb_column type=\u00a0\u00bb1_2&Prime; _builder_version=\u00a0\u00bb4.18.1&Prime; _module_preset=\u00a0\u00bbdefault\u00a0\u00bb global_colors_info=\u00a0\u00bb{}\u00a0\u00bb][et_pb_image src=\u00a0\u00bbhttps:\/\/e0db8a79c5.363.mcms.ovh.net\/wp-content\/uploads\/2024\/07\/visa-shengen-espagne.jpg\u00a0\u00bb alt=\u00a0\u00bbvisa shengen espagne\u00a0\u00bb title_text=\u00a0\u00bbvisa shengen espagne\u00a0\u00bb align=\u00a0\u00bbright\u00a0\u00bb _builder_version=\u00a0\u00bb4.27.0&Prime; _module_preset=\u00a0\u00bbdefault\u00a0\u00bb width=\u00a0\u00bb80%\u00a0\u00bb animation_style=\u00a0\u00bbslide\u00a0\u00bb animation_intensity_slide=\u00a0\u00bb30%\u00a0\u00bb border_radii=\u00a0\u00bbon|40px|40px|40px|40px\u00a0\u00bb border_color_all=\u00a0\u00bbrgba(255,255,255,0.6)\u00a0\u00bb border_width_top=\u00a0\u00bb1px\u00a0\u00bb border_width_left=\u00a0\u00bb1px\u00a0\u00bb box_shadow_style=\u00a0\u00bbpreset4&Prime; box_shadow_horizontal=\u00a0\u00bb0px\u00a0\u00bb box_shadow_vertical=\u00a0\u00bb56px\u00a0\u00bb box_shadow_blur=\u00a0\u00bb64px\u00a0\u00bb box_shadow_spread=\u00a0\u00bb-20px\u00a0\u00bb box_shadow_color=\u00a0\u00bbrgba(0,0,0,0.25)\u00a0\u00bb global_colors_info=\u00a0\u00bb{}\u00a0\u00bb][\/et_pb_image][et_pb_image src=\u00a0\u00bbhttps:\/\/e0db8a79c5.363.mcms.ovh.net\/wp-content\/uploads\/2024\/06\/papiers-administratifs-barcelone-espagne.jpg\u00a0\u00bb title_text=\u00a0\u00bbpapiers administratifs barcelone espagne\u00a0\u00bb _builder_version=\u00a0\u00bb4.26.1&Prime; _module_preset=\u00a0\u00bbdefault\u00a0\u00bb transform_translate=\u00a0\u00bb0px|40%\u00a0\u00bb transform_translate_linked=\u00a0\u00bboff\u00a0\u00bb positioning=\u00a0\u00bbabsolute\u00a0\u00bb width=\u00a0\u00bb55%\u00a0\u00bb custom_margin=\u00a0\u00bb||||false|false\u00a0\u00bb animation_style=\u00a0\u00bbslide\u00a0\u00bb animation_direction=\u00a0\u00bbleft\u00a0\u00bb animation_intensity_slide=\u00a0\u00bb30%\u00a0\u00bb border_radii=\u00a0\u00bbon|40px|40px|40px|40px\u00a0\u00bb border_color_all=\u00a0\u00bbrgba(255,255,255,0.6)\u00a0\u00bb border_width_top=\u00a0\u00bb1px\u00a0\u00bb border_width_left=\u00a0\u00bb1px\u00a0\u00bb box_shadow_style=\u00a0\u00bbpreset4&Prime; box_shadow_horizontal=\u00a0\u00bb0px\u00a0\u00bb box_shadow_vertical=\u00a0\u00bb56px\u00a0\u00bb box_shadow_blur=\u00a0\u00bb64px\u00a0\u00bb box_shadow_spread=\u00a0\u00bb-20px\u00a0\u00bb box_shadow_color=\u00a0\u00bbrgba(0,0,0,0.25)\u00a0\u00bb global_colors_info=\u00a0\u00bb{}\u00a0\u00bb][\/et_pb_image][\/et_pb_column][\/et_pb_row][\/et_pb_section][et_pb_section fb_built=\u00a0\u00bb1&Prime; admin_label=\u00a0\u00bbFeatures\u00a0\u00bb _builder_version=\u00a0\u00bb4.26.1&Prime; _module_preset=\u00a0\u00bbdefault\u00a0\u00bb locked=\u00a0\u00bboff\u00a0\u00bb collapsed=\u00a0\u00bbon\u00a0\u00bb global_colors_info=\u00a0\u00bb{}\u00a0\u00bb][et_pb_row _builder_version=\u00a0\u00bb4.20.0&Prime; _module_preset=\u00a0\u00bbdefault\u00a0\u00bb max_width=\u00a0\u00bb700px\u00a0\u00bb global_colors_info=\u00a0\u00bb{}\u00a0\u00bb][et_pb_column type=\u00a0\u00bb4_4&Prime; _builder_version=\u00a0\u00bb4.20.0&Prime; _module_preset=\u00a0\u00bbdefault\u00a0\u00bb global_colors_info=\u00a0\u00bb{}\u00a0\u00bb][et_pb_text _builder_version=\u00a0\u00bb4.27.0&Prime; _module_preset=\u00a0\u00bb_initial\u00a0\u00bb header_2_font=\u00a0\u00bb||||||||\u00a0\u00bb header_2_font_size=\u00a0\u00bb52px\u00a0\u00bb header_2_line_height=\u00a0\u00bb1.2em\u00a0\u00bb text_orientation=\u00a0\u00bbcenter\u00a0\u00bb header_2_font_size_tablet=\u00a0\u00bb32px\u00a0\u00bb header_2_font_size_phone=\u00a0\u00bb28px\u00a0\u00bb header_2_font_size_last_edited=\u00a0\u00bbon|phone\u00a0\u00bb global_colors_info=\u00a0\u00bb{}\u00a0\u00bb]<\/p>\n<h2>Nos autres services administratifs<\/h2>\n<p>[\/et_pb_text][\/et_pb_column][\/et_pb_row][et_pb_row column_structure=\u00a0\u00bb1_3,1_3,1_3&Prime; use_custom_gutter=\u00a0\u00bbon\u00a0\u00bb gutter_width=\u00a0\u00bb2&Prime; make_equal=\u00a0\u00bbon\u00a0\u00bb custom_padding_last_edited=\u00a0\u00bbon|tablet\u00a0\u00bb _builder_version=\u00a0\u00bb4.27.0&Prime; _module_preset=\u00a0\u00bbdefault\u00a0\u00bb custom_padding_tablet=\u00a0\u00bb||0px||false|false\u00a0\u00bb custom_padding_phone=\u00a0\u00bb||0px||false|false\u00a0\u00bb animation_style=\u00a0\u00bbslide\u00a0\u00bb animation_direction=\u00a0\u00bbbottom\u00a0\u00bb animation_intensity_slide=\u00a0\u00bb30%\u00a0\u00bb locked=\u00a0\u00bboff\u00a0\u00bb global_colors_info=\u00a0\u00bb{}\u00a0\u00bb][et_pb_column type=\u00a0\u00bb1_3&Prime; _builder_version=\u00a0\u00bb4.26.1&Prime; _module_preset=\u00a0\u00bbdefault\u00a0\u00bb background_color=\u00a0\u00bb#2a2e40&Prime; custom_padding=\u00a0\u00bb30px|20px|30px|20px|true|true\u00a0\u00bb border_radii=\u00a0\u00bbon|10px|10px|10px|10px\u00a0\u00bb global_colors_info=\u00a0\u00bb{%22gcid-095f3017-670a-4d45-bbf8-520034f23a92%22:%91%22background_color__hover%22,%22background_color__hover%22%93}\u00a0\u00bb background__hover_enabled=\u00a0\u00bbon|hover\u00a0\u00bb background_color__hover=\u00a0\u00bb#E20000&Prime; background_enable_color__hover=\u00a0\u00bbon\u00a0\u00bb background_image__hover=\u00a0\u00bbhttps:\/\/e0db8a79c5.363.mcms.ovh.net\/wp-content\/uploads\/2024\/07\/online-banking-3b.png\u00a0\u00bb background_enable_image__hover=\u00a0\u00bbon\u00a0\u00bb background_size__hover=\u00a0\u00bbstretch\u00a0\u00bb][et_pb_icon font_icon=\u00a0\u00bb&#xf187;||fa||900&Prime; icon_color=\u00a0\u00bb#FFFFFF\u00a0\u00bb icon_width=\u00a0\u00bb32px\u00a0\u00bb align=\u00a0\u00bbleft\u00a0\u00bb _builder_version=\u00a0\u00bb4.26.1&Prime; _module_preset=\u00a0\u00bbdefault\u00a0\u00bb locked=\u00a0\u00bboff\u00a0\u00bb global_colors_info=\u00a0\u00bb{}\u00a0\u00bb][\/et_pb_icon][et_pb_text _builder_version=\u00a0\u00bb4.27.0&Prime; _module_preset=\u00a0\u00bb_initial\u00a0\u00bb text_text_color=\u00a0\u00bb#FFFFFF\u00a0\u00bb header_3_font=\u00a0\u00bb|600|||||||\u00a0\u00bb header_3_text_color=\u00a0\u00bb#FFFFFF\u00a0\u00bb header_5_font=\u00a0\u00bbSpace Grotesk|700|||||||\u00a0\u00bb header_5_font_size=\u00a0\u00bb20px\u00a0\u00bb header_5_line_height=\u00a0\u00bb1.4em\u00a0\u00bb custom_margin=\u00a0\u00bb||0px||false|false\u00a0\u00bb header_5_font_size_tablet=\u00a0\u00bb16px\u00a0\u00bb header_5_font_size_phone=\u00a0\u00bb14px\u00a0\u00bb header_5_font_size_last_edited=\u00a0\u00bbon|desktop\u00a0\u00bb global_colors_info=\u00a0\u00bb{}\u00a0\u00bb]<\/p>\n<h3>Autres Services et Packs<\/h3>\n<p>[\/et_pb_text][et_pb_text _builder_version=\u00a0\u00bb4.27.0&Prime; _module_preset=\u00a0\u00bb_initial\u00a0\u00bb text_text_color=\u00a0\u00bb#FFFFFF\u00a0\u00bb text_font_size=\u00a0\u00bb16px\u00a0\u00bb text_line_height=\u00a0\u00bb1.8em\u00a0\u00bb text_font_size_tablet=\u00a0\u00bb15px\u00a0\u00bb text_font_size_phone=\u00a0\u00bb14px\u00a0\u00bb text_font_size_last_edited=\u00a0\u00bbon|desktop\u00a0\u00bb global_colors_info=\u00a0\u00bb{%22gcid-1b4a3854-7b44-49f6-922e-e1ac36476373%22:%91%22text_text_color%22%93}\u00a0\u00bb]<\/p>\n<ul>\n<li>Empadronamiento (enregistrement \u00e0 la mairie d\u2019arrondissement)<\/li>\n<\/ul>\n<p>Notre tarif 70\u20acHT+TVA<\/p>\n<ul>\n<li>Ouverture d\u2019un compte en banque<\/li>\n<\/ul>\n<p>Notre tarif 50\u20ac HT+TVA<\/p>\n<p>[\/et_pb_text][et_pb_button button_url=\u00a0\u00bbhttps:\/\/e0db8a79c5.363.mcms.ovh.net\/prendre-rdv\/\u00a0\u00bb button_text=\u00a0\u00bbPrendre RDV\u00a0\u00bb _builder_version=\u00a0\u00bb4.26.1&Prime; _module_preset=\u00a0\u00bb_initial\u00a0\u00bb custom_button=\u00a0\u00bbon\u00a0\u00bb button_text_size=\u00a0\u00bb14px\u00a0\u00bb button_text_color=\u00a0\u00bb#FFFFFF\u00a0\u00bb button_bg_color=\u00a0\u00bbRGBA(255,255,255,0)\u00a0\u00bb button_border_color=\u00a0\u00bbrgba(255,255,255,0.97)\u00a0\u00bb button_border_radius=\u00a0\u00bb100px\u00a0\u00bb button_letter_spacing=\u00a0\u00bb0.16em\u00a0\u00bb button_font=\u00a0\u00bb|||on|||||\u00a0\u00bb button_icon=\u00a0\u00bb&#x24;||divi||400&Prime; custom_margin=\u00a0\u00bb30px||||false|false\u00a0\u00bb custom_padding=\u00a0\u00bb10px|24px|10px|24px|true|true\u00a0\u00bb global_colors_info=\u00a0\u00bb{}\u00a0\u00bb][\/et_pb_button][\/et_pb_column][et_pb_column type=\u00a0\u00bb1_3&Prime; _builder_version=\u00a0\u00bb4.26.1&Prime; _module_preset=\u00a0\u00bbdefault\u00a0\u00bb background_color=\u00a0\u00bb#E20000&Prime; custom_padding=\u00a0\u00bb30px|20px|30px|20px|true|true\u00a0\u00bb border_radii=\u00a0\u00bbon|10px|10px|10px|10px\u00a0\u00bb global_colors_info=\u00a0\u00bb{%22gcid-095f3017-670a-4d45-bbf8-520034f23a92%22:%91%22background_color__hover%22,%22background_color__hover%22%93,%22gcid-4f56aa54-3b36-4432-8908-d727fd88891e%22:%91%22background_color%22%93}\u00a0\u00bb background__hover_enabled=\u00a0\u00bbon|hover\u00a0\u00bb background_color__hover=\u00a0\u00bb#2a2e40&Prime; background_enable_color__hover=\u00a0\u00bbon\u00a0\u00bb background_image__hover=\u00a0\u00bbhttps:\/\/e0db8a79c5.363.mcms.ovh.net\/wp-content\/uploads\/2024\/07\/online-banking-3b.png\u00a0\u00bb background_enable_image__hover=\u00a0\u00bbon\u00a0\u00bb background_size__hover=\u00a0\u00bbstretch\u00a0\u00bb][et_pb_icon font_icon=\u00a0\u00bb&#xf1ea;||fa||400&Prime; icon_color=\u00a0\u00bb#FFFFFF\u00a0\u00bb icon_width=\u00a0\u00bb32px\u00a0\u00bb align=\u00a0\u00bbleft\u00a0\u00bb _builder_version=\u00a0\u00bb4.26.1&Prime; _module_preset=\u00a0\u00bbdefault\u00a0\u00bb locked=\u00a0\u00bboff\u00a0\u00bb global_colors_info=\u00a0\u00bb{}\u00a0\u00bb][\/et_pb_icon][et_pb_text _builder_version=\u00a0\u00bb4.26.1&Prime; _module_preset=\u00a0\u00bb_initial\u00a0\u00bb header_3_font=\u00a0\u00bb|600|||||||\u00a0\u00bb header_3_text_color=\u00a0\u00bb#FFFFFF\u00a0\u00bb header_5_font=\u00a0\u00bbSpace Grotesk|700|||||||\u00a0\u00bb header_5_font_size=\u00a0\u00bb20px\u00a0\u00bb header_5_line_height=\u00a0\u00bb1.4em\u00a0\u00bb custom_margin=\u00a0\u00bb||0px||false|false\u00a0\u00bb header_5_font_size_tablet=\u00a0\u00bb16px\u00a0\u00bb header_5_font_size_phone=\u00a0\u00bb14px\u00a0\u00bb header_5_font_size_last_edited=\u00a0\u00bbon|desktop\u00a0\u00bb global_colors_info=\u00a0\u00bb{}\u00a0\u00bb]<\/p>\n<h3>Pack NIE<\/h3>\n<p>[\/et_pb_text][et_pb_text _builder_version=\u00a0\u00bb4.27.0&Prime; _module_preset=\u00a0\u00bb_initial\u00a0\u00bb text_text_color=\u00a0\u00bb#FFFFFF\u00a0\u00bb text_font_size=\u00a0\u00bb16px\u00a0\u00bb text_line_height=\u00a0\u00bb1.8em\u00a0\u00bb text_font_size_tablet=\u00a0\u00bb15px\u00a0\u00bb text_font_size_phone=\u00a0\u00bb14px\u00a0\u00bb text_font_size_last_edited=\u00a0\u00bbon|desktop\u00a0\u00bb global_colors_info=\u00a0\u00bb{%22gcid-1b4a3854-7b44-49f6-922e-e1ac36476373%22:%91%22text_text_color%22%93}\u00a0\u00bb]<\/p>\n<ul>\n<li>Certificat de r\u00e9sidence (carte verte) NIE<\/li>\n<li>Empadronamiento<\/li>\n<li>Ouverture compte bancaire<\/li>\n<\/ul>\n<p>\u200bNotre tarif avec accompagnement = 330\u20acHT+TVA<\/p>\n<p>Notre tarif sans accompagnement = 280\u20acHT+TVA<\/p>\n<p>Autre combination de services, nous consulter<\/p>\n<p>[\/et_pb_text][et_pb_button button_url=\u00a0\u00bbhttps:\/\/e0db8a79c5.363.mcms.ovh.net\/prendre-rdv\/\u00a0\u00bb button_text=\u00a0\u00bbPrendre RDV\u00a0\u00bb _builder_version=\u00a0\u00bb4.26.1&Prime; _module_preset=\u00a0\u00bb_initial\u00a0\u00bb custom_button=\u00a0\u00bbon\u00a0\u00bb button_text_size=\u00a0\u00bb14px\u00a0\u00bb button_text_color=\u00a0\u00bb#FFFFFF\u00a0\u00bb button_bg_color=\u00a0\u00bbRGBA(255,255,255,0)\u00a0\u00bb button_border_color=\u00a0\u00bbrgba(255,255,255,0.97)\u00a0\u00bb button_border_radius=\u00a0\u00bb100px\u00a0\u00bb button_letter_spacing=\u00a0\u00bb0.16em\u00a0\u00bb button_font=\u00a0\u00bb|||on|||||\u00a0\u00bb button_icon=\u00a0\u00bb&#x24;||divi||400&Prime; custom_margin=\u00a0\u00bb30px||||false|false\u00a0\u00bb custom_padding=\u00a0\u00bb10px|24px|10px|24px|true|true\u00a0\u00bb global_colors_info=\u00a0\u00bb{}\u00a0\u00bb][\/et_pb_button][\/et_pb_column][et_pb_column type=\u00a0\u00bb1_3&Prime; _builder_version=\u00a0\u00bb4.26.1&Prime; _module_preset=\u00a0\u00bbdefault\u00a0\u00bb background_color=\u00a0\u00bb#FFFFFF\u00a0\u00bb custom_padding=\u00a0\u00bb30px|20px|30px|20px|true|true\u00a0\u00bb border_radii=\u00a0\u00bbon|10px|10px|10px|10px\u00a0\u00bb border_width_all=\u00a0\u00bb2px\u00a0\u00bb border_color_all=\u00a0\u00bb#2a2e40&Prime; global_colors_info=\u00a0\u00bb{%22gcid-095f3017-670a-4d45-bbf8-520034f23a92%22:%91%22background_color__hover%22,%22background_color__hover%22,%22background_color__hover%22,%22background_color__hover%22%93}\u00a0\u00bb background__hover_enabled=\u00a0\u00bbon|hover\u00a0\u00bb background_color__hover=\u00a0\u00bbrgba(12,113,195,0.25)\u00a0\u00bb background_enable_color__hover=\u00a0\u00bbon\u00a0\u00bb background_image__hover=\u00a0\u00bbhttps:\/\/e0db8a79c5.363.mcms.ovh.net\/wp-content\/uploads\/2024\/07\/online-banking-3b.png\u00a0\u00bb background_enable_image__hover=\u00a0\u00bbon\u00a0\u00bb background_size__hover=\u00a0\u00bbstretch\u00a0\u00bb][et_pb_icon font_icon=\u00a0\u00bb&#xf0ea;||fa||900&Prime; icon_color=\u00a0\u00bb#E20000&Prime; icon_width=\u00a0\u00bb32px\u00a0\u00bb align=\u00a0\u00bbleft\u00a0\u00bb _builder_version=\u00a0\u00bb4.27.0&Prime; _module_preset=\u00a0\u00bbdefault\u00a0\u00bb locked=\u00a0\u00bboff\u00a0\u00bb global_colors_info=\u00a0\u00bb{}\u00a0\u00bb icon_color__hover_enabled=\u00a0\u00bbon|hover\u00a0\u00bb icon_color__hover=\u00a0\u00bb#E20000&Prime;][\/et_pb_icon][et_pb_text _builder_version=\u00a0\u00bb4.27.0&Prime; _module_preset=\u00a0\u00bb_initial\u00a0\u00bb header_3_font=\u00a0\u00bb|600|||||||\u00a0\u00bb header_5_font=\u00a0\u00bbSpace Grotesk|700|||||||\u00a0\u00bb header_5_font_size=\u00a0\u00bb20px\u00a0\u00bb header_5_line_height=\u00a0\u00bb1.4em\u00a0\u00bb custom_margin=\u00a0\u00bb||0px||false|false\u00a0\u00bb header_5_font_size_tablet=\u00a0\u00bb16px\u00a0\u00bb header_5_font_size_phone=\u00a0\u00bb14px\u00a0\u00bb header_5_font_size_last_edited=\u00a0\u00bbon|desktop\u00a0\u00bb global_colors_info=\u00a0\u00bb{}\u00a0\u00bb header_3_text_color__hover_enabled=\u00a0\u00bbon|hover\u00a0\u00bb]<\/p>\n<h3>Services administratifs<\/h3>\n<p>[\/et_pb_text][et_pb_text _builder_version=\u00a0\u00bb4.27.0&Prime; _module_preset=\u00a0\u00bb_initial\u00a0\u00bb header_3_font=\u00a0\u00bb|600|||||||\u00a0\u00bb header_5_font=\u00a0\u00bbSpace Grotesk|700|||||||\u00a0\u00bb header_5_font_size=\u00a0\u00bb20px\u00a0\u00bb header_5_line_height=\u00a0\u00bb1.4em\u00a0\u00bb custom_margin=\u00a0\u00bb30px||0px||false|false\u00a0\u00bb header_5_font_size_tablet=\u00a0\u00bb16px\u00a0\u00bb header_5_font_size_phone=\u00a0\u00bb14px\u00a0\u00bb header_5_font_size_last_edited=\u00a0\u00bbon|desktop\u00a0\u00bb global_colors_info=\u00a0\u00bb{}\u00a0\u00bb text_text_color__hover_enabled=\u00a0\u00bbon|hover\u00a0\u00bb header_3_text_color__hover_enabled=\u00a0\u00bbon|hover\u00a0\u00bb header_3_text_color__hover=\u00a0\u00bb#FFFFFF\u00a0\u00bb]<\/p>\n<ul>\n<li>Pack r\u00e9sidence par investissement<\/li>\n<li>Obtention d\u2019un NIE administratif<\/li>\n<li>Mise en relation bancaire<\/li>\n<li>Assistance lors de l\u2019achat<\/li>\n<li>R\u00e9daction du contrat de votre investissement<\/li>\n<li>Obtention de votre carte de r\u00e9sident par investissement<\/li>\n<\/ul>\n<p>Prix nous consulter<\/p>\n<p>[\/et_pb_text][et_pb_button button_url=\u00a0\u00bbhttps:\/\/e0db8a79c5.363.mcms.ovh.net\/prendre-rdv\/\u00a0\u00bb button_text=\u00a0\u00bbPrendre RDV\u00a0\u00bb _builder_version=\u00a0\u00bb4.26.1&Prime; _module_preset=\u00a0\u00bb_initial\u00a0\u00bb custom_button=\u00a0\u00bbon\u00a0\u00bb button_text_size=\u00a0\u00bb14px\u00a0\u00bb button_text_color=\u00a0\u00bb#FFFFFF\u00a0\u00bb button_bg_color=\u00a0\u00bb#E20000&Prime; button_border_color=\u00a0\u00bbrgba(255,255,255,0.97)\u00a0\u00bb button_border_radius=\u00a0\u00bb100px\u00a0\u00bb button_letter_spacing=\u00a0\u00bb0.16em\u00a0\u00bb button_font=\u00a0\u00bb|||on|||||\u00a0\u00bb button_icon=\u00a0\u00bb&#x24;||divi||400&Prime; custom_margin=\u00a0\u00bb30px||||false|false\u00a0\u00bb custom_padding=\u00a0\u00bb10px|24px|10px|24px|true|true\u00a0\u00bb global_colors_info=\u00a0\u00bb{}\u00a0\u00bb button_bg_color__hover_enabled=\u00a0\u00bbon|hover\u00a0\u00bb button_bg_color__hover=\u00a0\u00bb#FFFFFF\u00a0\u00bb button_bg_enable_color__hover=\u00a0\u00bbon\u00a0\u00bb][\/et_pb_button][\/et_pb_column][\/et_pb_row][et_pb_row column_structure=\u00a0\u00bb1_2,1_2&Prime; use_custom_gutter=\u00a0\u00bbon\u00a0\u00bb gutter_width=\u00a0\u00bb2&Prime; make_equal=\u00a0\u00bbon\u00a0\u00bb custom_padding_last_edited=\u00a0\u00bbon|tablet\u00a0\u00bb _builder_version=\u00a0\u00bb4.27.0&Prime; _module_preset=\u00a0\u00bbdefault\u00a0\u00bb custom_padding_tablet=\u00a0\u00bb||0px||false|false\u00a0\u00bb custom_padding_phone=\u00a0\u00bb||0px||false|false\u00a0\u00bb animation_style=\u00a0\u00bbslide\u00a0\u00bb animation_direction=\u00a0\u00bbbottom\u00a0\u00bb animation_intensity_slide=\u00a0\u00bb30%\u00a0\u00bb locked=\u00a0\u00bboff\u00a0\u00bb global_colors_info=\u00a0\u00bb{}\u00a0\u00bb][et_pb_column type=\u00a0\u00bb1_2&Prime; _builder_version=\u00a0\u00bb4.26.1&Prime; _module_preset=\u00a0\u00bbdefault\u00a0\u00bb background_enable_color=\u00a0\u00bboff\u00a0\u00bb custom_padding=\u00a0\u00bb30px|20px|30px|20px|true|true\u00a0\u00bb border_radii=\u00a0\u00bbon|10px|10px|10px|10px\u00a0\u00bb border_width_all=\u00a0\u00bb2px\u00a0\u00bb border_color_all=\u00a0\u00bb#E20000&Prime; global_colors_info=\u00a0\u00bb{%22gcid-095f3017-670a-4d45-bbf8-520034f23a92%22:%91%22background_color__hover%22,%22background_color__hover%22,%22background_color__hover%22,%22background_color__hover%22%93,%22gcid-4f56aa54-3b36-4432-8908-d727fd88891e%22:%91%22background_color%22%93}\u00a0\u00bb background__hover_enabled=\u00a0\u00bbon|hover\u00a0\u00bb background_color__hover=\u00a0\u00bb#d8d8d8&Prime; background_enable_color__hover=\u00a0\u00bbon\u00a0\u00bb background_image__hover=\u00a0\u00bbhttps:\/\/e0db8a79c5.363.mcms.ovh.net\/wp-content\/uploads\/2024\/07\/online-banking-3b.png\u00a0\u00bb background_enable_image__hover=\u00a0\u00bbon\u00a0\u00bb background_size__hover=\u00a0\u00bbstretch\u00a0\u00bb][et_pb_icon font_icon=\u00a0\u00bb&#xf5de;||fa||900&Prime; icon_color=\u00a0\u00bb#E20000&Prime; icon_width=\u00a0\u00bb32px\u00a0\u00bb align=\u00a0\u00bbleft\u00a0\u00bb _builder_version=\u00a0\u00bb4.26.1&Prime; _module_preset=\u00a0\u00bbdefault\u00a0\u00bb locked=\u00a0\u00bboff\u00a0\u00bb global_colors_info=\u00a0\u00bb{}\u00a0\u00bb icon_color__hover_enabled=\u00a0\u00bbon|hover\u00a0\u00bb icon_color__hover=\u00a0\u00bb#E20000&Prime;][\/et_pb_icon][et_pb_text _builder_version=\u00a0\u00bb4.27.0&Prime; _module_preset=\u00a0\u00bb_initial\u00a0\u00bb header_3_font=\u00a0\u00bb|600|||||||\u00a0\u00bb header_5_font=\u00a0\u00bbSpace Grotesk|700|||||||\u00a0\u00bb header_5_font_size=\u00a0\u00bb20px\u00a0\u00bb header_5_line_height=\u00a0\u00bb1.4em\u00a0\u00bb custom_margin=\u00a0\u00bb||0px||false|false\u00a0\u00bb header_5_font_size_tablet=\u00a0\u00bb16px\u00a0\u00bb header_5_font_size_phone=\u00a0\u00bb14px\u00a0\u00bb header_5_font_size_last_edited=\u00a0\u00bbon|desktop\u00a0\u00bb global_colors_info=\u00a0\u00bb{}\u00a0\u00bb header_3_text_color__hover_enabled=\u00a0\u00bbon|hover\u00a0\u00bb]<\/p>\n<h3>Permis de conduire et voiture<\/h3>\n<p>[\/et_pb_text][et_pb_text _builder_version=\u00a0\u00bb4.27.0&Prime; _module_preset=\u00a0\u00bb_initial\u00a0\u00bb header_3_font=\u00a0\u00bb|600|||||||\u00a0\u00bb header_5_font=\u00a0\u00bbSpace Grotesk|700|||||||\u00a0\u00bb header_5_font_size=\u00a0\u00bb20px\u00a0\u00bb header_5_line_height=\u00a0\u00bb1.4em\u00a0\u00bb custom_margin=\u00a0\u00bb||0px||false|false\u00a0\u00bb header_5_font_size_tablet=\u00a0\u00bb16px\u00a0\u00bb header_5_font_size_phone=\u00a0\u00bb14px\u00a0\u00bb header_5_font_size_last_edited=\u00a0\u00bbon|desktop\u00a0\u00bb global_colors_info=\u00a0\u00bb{}\u00a0\u00bb header_3_text_color__hover_enabled=\u00a0\u00bbon|hover\u00a0\u00bb header_3_text_color__hover=\u00a0\u00bb#FFFFFF\u00a0\u00bb text_text_color__hover_enabled=\u00a0\u00bbon|hover\u00a0\u00bb]<\/p>\n<ul>\n<li>Canje (Changement du permis de conduire)<\/li>\n<\/ul>\n<p>Notre tarif avec repr\u00e9sentation totale = 160\u20acHT + TVA<br \/>Notre tarif sans repr\u00e9sentation = 110\u20acHT + TVA<\/p>\n<ul>\n<li>Changement de plaques d&rsquo;immatriculation repr\u00e9sentation totale sauf pour le contr\u00f4le technique<\/li>\n<\/ul>\n<p>= 230\u20acHT + TVA +taxes \u00e0 calculer + ITV (en fonction du type de v\u00e9hicule) + plaques<\/p>\n<p>[\/et_pb_text][et_pb_button button_url=\u00a0\u00bbhttps:\/\/e0db8a79c5.363.mcms.ovh.net\/prendre-rdv\/\u00a0\u00bb button_text=\u00a0\u00bbPrendre RDV\u00a0\u00bb _builder_version=\u00a0\u00bb4.26.1&Prime; _module_preset=\u00a0\u00bb_initial\u00a0\u00bb custom_button=\u00a0\u00bbon\u00a0\u00bb button_text_size=\u00a0\u00bb14px\u00a0\u00bb button_text_color=\u00a0\u00bb#FFFFFF\u00a0\u00bb button_bg_color=\u00a0\u00bb#E20000&Prime; button_border_color=\u00a0\u00bbrgba(255,255,255,0.97)\u00a0\u00bb button_border_radius=\u00a0\u00bb100px\u00a0\u00bb button_letter_spacing=\u00a0\u00bb0.16em\u00a0\u00bb button_font=\u00a0\u00bb|||on|||||\u00a0\u00bb button_icon=\u00a0\u00bb&#x24;||divi||400&Prime; custom_margin=\u00a0\u00bb30px||||false|false\u00a0\u00bb custom_padding=\u00a0\u00bb10px|24px|10px|24px|true|true\u00a0\u00bb global_colors_info=\u00a0\u00bb{}\u00a0\u00bb button_bg_color__hover_enabled=\u00a0\u00bbon|hover\u00a0\u00bb button_bg_color__hover=\u00a0\u00bb#FFFFFF\u00a0\u00bb button_bg_enable_color__hover=\u00a0\u00bbon\u00a0\u00bb][\/et_pb_button][\/et_pb_column][et_pb_column type=\u00a0\u00bb1_2&Prime; _builder_version=\u00a0\u00bb4.26.1&Prime; _module_preset=\u00a0\u00bbdefault\u00a0\u00bb background_color=\u00a0\u00bb#2a2e40&Prime; custom_padding=\u00a0\u00bb30px|20px|30px|20px|true|true\u00a0\u00bb border_radii=\u00a0\u00bbon|10px|10px|10px|10px\u00a0\u00bb global_colors_info=\u00a0\u00bb{%22gcid-095f3017-670a-4d45-bbf8-520034f23a92%22:%91%22background_color__hover%22,%22background_color__hover%22%93}\u00a0\u00bb background__hover_enabled=\u00a0\u00bbon|hover\u00a0\u00bb background_color__hover=\u00a0\u00bb#E20000&Prime; background_enable_color__hover=\u00a0\u00bbon\u00a0\u00bb background_image__hover=\u00a0\u00bbhttps:\/\/e0db8a79c5.363.mcms.ovh.net\/wp-content\/uploads\/2024\/07\/online-banking-3b.png\u00a0\u00bb background_enable_image__hover=\u00a0\u00bbon\u00a0\u00bb background_size__hover=\u00a0\u00bbstretch\u00a0\u00bb][et_pb_icon font_icon=\u00a0\u00bb&#xf479;||fa||900&Prime; icon_color=\u00a0\u00bb#FFFFFF\u00a0\u00bb icon_width=\u00a0\u00bb32px\u00a0\u00bb align=\u00a0\u00bbleft\u00a0\u00bb _builder_version=\u00a0\u00bb4.27.0&Prime; _module_preset=\u00a0\u00bbdefault\u00a0\u00bb locked=\u00a0\u00bboff\u00a0\u00bb global_colors_info=\u00a0\u00bb{}\u00a0\u00bb icon_color__hover_enabled=\u00a0\u00bbon|hover\u00a0\u00bb icon_color__hover=\u00a0\u00bb#E20000&Prime;][\/et_pb_icon][et_pb_text _builder_version=\u00a0\u00bb4.27.0&Prime; _module_preset=\u00a0\u00bb_initial\u00a0\u00bb header_3_font=\u00a0\u00bb|600|||||||\u00a0\u00bb header_3_text_color=\u00a0\u00bb#FFFFFF\u00a0\u00bb header_5_font=\u00a0\u00bbSpace Grotesk|700|||||||\u00a0\u00bb header_5_font_size=\u00a0\u00bb20px\u00a0\u00bb header_5_line_height=\u00a0\u00bb1.4em\u00a0\u00bb custom_margin=\u00a0\u00bb||0px||false|false\u00a0\u00bb header_5_font_size_tablet=\u00a0\u00bb16px\u00a0\u00bb header_5_font_size_phone=\u00a0\u00bb14px\u00a0\u00bb header_5_font_size_last_edited=\u00a0\u00bbon|desktop\u00a0\u00bb global_colors_info=\u00a0\u00bb{}\u00a0\u00bb header_3_text_color__hover_enabled=\u00a0\u00bbon|hover\u00a0\u00bb header_3_text_color__hover=\u00a0\u00bb#FFFFFF\u00a0\u00bb]<\/p>\n<h3>Sant\u00e9<\/h3>\n<p>[\/et_pb_text][et_pb_text _builder_version=\u00a0\u00bb4.27.0&Prime; _module_preset=\u00a0\u00bb_initial\u00a0\u00bb text_text_color=\u00a0\u00bb#FFFFFF\u00a0\u00bb text_font_size=\u00a0\u00bb16px\u00a0\u00bb text_line_height=\u00a0\u00bb1.8em\u00a0\u00bb text_font_size_tablet=\u00a0\u00bb15px\u00a0\u00bb text_font_size_phone=\u00a0\u00bb14px\u00a0\u00bb text_font_size_last_edited=\u00a0\u00bbon|desktop\u00a0\u00bb global_colors_info=\u00a0\u00bb{%22gcid-1b4a3854-7b44-49f6-922e-e1ac36476373%22:%91%22text_text_color%22%93}\u00a0\u00bb text_text_color__hover_enabled=\u00a0\u00bbon|hover\u00a0\u00bb header_3_text_color__hover_enabled=\u00a0\u00bbon|hover\u00a0\u00bb header_3_text_color__hover=\u00a0\u00bb#FFFFFF\u00a0\u00bb text_text_color__hover=\u00a0\u00bb#FFFFFF\u00a0\u00bb]<\/p>\n<ul>\n<li>Affiliation \u00e0 la Seguridad Social<\/li>\n<\/ul>\n<p>Notre tarif 70\u20acHT +TVA<\/p>\n<ul>\n<li>Carte Cat Salud \/ Tarjeta sanitaria<\/li>\n<\/ul>\n<p>Notre tarif 70\u20acHT +TVA<\/p>\n<ul>\n<li>Adh\u00e9sion \u00e0 une mutuelle priv\u00e9e espagnole \u00e9tude approfondie selon vos besoins<\/li>\n<\/ul>\n<p>Notre tarif 60\u20acHT +TVA<\/p>\n<p>[\/et_pb_text][et_pb_button button_url=\u00a0\u00bbhttps:\/\/e0db8a79c5.363.mcms.ovh.net\/prendre-rdv\/\u00a0\u00bb button_text=\u00a0\u00bbPrendre RDV\u00a0\u00bb _builder_version=\u00a0\u00bb4.26.1&Prime; _module_preset=\u00a0\u00bb_initial\u00a0\u00bb custom_button=\u00a0\u00bbon\u00a0\u00bb button_text_size=\u00a0\u00bb14px\u00a0\u00bb button_text_color=\u00a0\u00bb#FFFFFF\u00a0\u00bb button_bg_color=\u00a0\u00bbRGBA(255,255,255,0)\u00a0\u00bb button_border_color=\u00a0\u00bbrgba(255,255,255,0.97)\u00a0\u00bb button_border_radius=\u00a0\u00bb100px\u00a0\u00bb button_letter_spacing=\u00a0\u00bb0.16em\u00a0\u00bb button_font=\u00a0\u00bb|||on|||||\u00a0\u00bb button_icon=\u00a0\u00bb&#x24;||divi||400&Prime; custom_margin=\u00a0\u00bb30px||||false|false\u00a0\u00bb custom_padding=\u00a0\u00bb10px|24px|10px|24px|true|true\u00a0\u00bb global_colors_info=\u00a0\u00bb{}\u00a0\u00bb][\/et_pb_button][\/et_pb_column][\/et_pb_row][\/et_pb_section][et_pb_section fb_built=\u00a0\u00bb1&Prime; admin_label=\u00a0\u00bbSubscribe\u00a0\u00bb _builder_version=\u00a0\u00bb4.25.1&Prime; _module_preset=\u00a0\u00bbdefault\u00a0\u00bb background_color=\u00a0\u00bbgcid-8ad803f4-51cc-4920-8e20-ff572b992ddc\u00a0\u00bb custom_padding=\u00a0\u00bb20px||20px||true|false\u00a0\u00bb collapsed=\u00a0\u00bbon\u00a0\u00bb global_colors_info=\u00a0\u00bb{%22gcid-8ad803f4-51cc-4920-8e20-ff572b992ddc%22:%91%22background_color%22%93}\u00a0\u00bb][et_pb_row column_structure=\u00a0\u00bb1_2,1_2&Prime; _builder_version=\u00a0\u00bb4.25.1&Prime; _module_preset=\u00a0\u00bbdefault\u00a0\u00bb global_colors_info=\u00a0\u00bb{}\u00a0\u00bb][et_pb_column type=\u00a0\u00bb1_2&Prime; _builder_version=\u00a0\u00bb4.25.1&Prime; _module_preset=\u00a0\u00bbdefault\u00a0\u00bb global_colors_info=\u00a0\u00bb{}\u00a0\u00bb][et_pb_text _builder_version=\u00a0\u00bb4.27.0&Prime; _module_preset=\u00a0\u00bbdefault\u00a0\u00bb text_font=\u00a0\u00bb&#8211;et_global_heading_font||||||||\u00a0\u00bb text_font_size=\u00a0\u00bb22px\u00a0\u00bb text_line_height=\u00a0\u00bb1.8em\u00a0\u00bb global_colors_info=\u00a0\u00bb{}\u00a0\u00bb]<\/p>\n<p>Inscrivez-vous \u00e0 notre newsletter pour recevoir des informations.<\/p>\n<p>[\/et_pb_text][\/et_pb_column][et_pb_column type=\u00a0\u00bb1_2&Prime; _builder_version=\u00a0\u00bb4.25.1&Prime; _module_preset=\u00a0\u00bbdefault\u00a0\u00bb global_colors_info=\u00a0\u00bb{}\u00a0\u00bb][et_pb_signup provider=\u00a0\u00bbsendinblue\u00a0\u00bb sendinblue_list=\u00a0\u00bbEasyb|3&Prime; first_name_field=\u00a0\u00bboff\u00a0\u00bb last_name_field=\u00a0\u00bboff\u00a0\u00bb success_message=\u00a0\u00bbVotre abonnement \u00e0 la newsletter a bien \u00e9t\u00e9 pris en compte\u00a0\u00bb button_text=\u00a0\u00bbS&rsquo;abonner\u00a0\u00bb _builder_version=\u00a0\u00bb4.27.0&Prime; _module_preset=\u00a0\u00bb_initial\u00a0\u00bb form_field_background_color=\u00a0\u00bbRGBA(255,255,255,0)\u00a0\u00bb form_field_focus_text_color=\u00a0\u00bb#000000&Prime; form_field_font=\u00a0\u00bb|600|||||||\u00a0\u00bb form_field_font_size=\u00a0\u00bb14px\u00a0\u00bb form_field_letter_spacing=\u00a0\u00bb0.04em\u00a0\u00bb use_background_color=\u00a0\u00bboff\u00a0\u00bb custom_button=\u00a0\u00bbon\u00a0\u00bb button_text_size=\u00a0\u00bb14px\u00a0\u00bb button_text_color=\u00a0\u00bb#FFFFFF\u00a0\u00bb button_bg_color=\u00a0\u00bb#2a2e40&Prime; button_border_width=\u00a0\u00bb0px\u00a0\u00bb button_border_radius=\u00a0\u00bb30px\u00a0\u00bb button_letter_spacing=\u00a0\u00bb0.04em\u00a0\u00bb button_font=\u00a0\u00bb|700||on|||||\u00a0\u00bb button_icon=\u00a0\u00bb&#x24;||divi||400&Prime; button_custom_padding=\u00a0\u00bb15px|30px|15px|30px|true|true\u00a0\u00bb border_radii_fields=\u00a0\u00bbon|30px|30px|30px|30px\u00a0\u00bb border_width_all_fields=\u00a0\u00bb2px\u00a0\u00bb locked=\u00a0\u00bboff\u00a0\u00bb global_colors_info=\u00a0\u00bb{%22gcid-primary-color%22:%91%22form_field_text_color%22%93}\u00a0\u00bb][\/et_pb_signup][\/et_pb_column][\/et_pb_row][\/et_pb_section]<\/p>\n","protected":false},"excerpt":{"rendered":"<p>Services administratifsNous comprenons que l\u2019installation dans un nouveau pays peut \u00eatre complexe et stressante. C\u2019est pourquoi nous proposons une gamme compl\u00e8te de services pour faciliter votre transition, incluant l&rsquo;obtention de visas, le num\u00e9ro d\u2019identification \u00e9tranger (NIE), l\u2019enregistrement \u00e0 la mairie, l\u2019ouverture de comptes bancaires, et bien plus encore. Notre \u00e9quipe d\u2019experts est l\u00e0 pour vous [&hellip;]<\/p>\n","protected":false},"author":1,"featured_media":0,"parent":0,"menu_order":0,"comment_status":"closed","ping_status":"closed","template":"","meta":{"_et_pb_use_builder":"on","_et_pb_old_content":"","_et_gb_content_width":"","footnotes":""},"class_list":["post-62","page","type-page","status-publish","hentry"],"yoast_head":"<!-- This site is optimized with the Yoast SEO plugin v28.3 - https:\/\/yoast.com\/product\/yoast-seo-wordpress\/ -->\n<title>Services administratifs Barcelone (Espagne) - Easy-b<\/title>\n<meta name=\"description\" content=\"L\u2019installation dans un nouveau pays peut \u00eatre complexe et stressante. C\u2019est pourquoi nous proposons une gamme compl\u00e8te de services\" \/>\n<meta name=\"robots\" content=\"index, follow, max-snippet:-1, max-image-preview:large, max-video-preview:-1\" \/>\n<link rel=\"canonical\" href=\"https:\/\/e0db8a79c5.363.mcms.ovh.net\/?page_id=62\" \/>\n<meta property=\"og:locale\" content=\"fr_FR\" \/>\n<meta property=\"og:type\" content=\"article\" \/>\n<meta property=\"og:title\" content=\"Services administratifs Barcelone (Espagne) - Easy-b\" \/>\n<meta property=\"og:description\" content=\"L\u2019installation dans un nouveau pays peut \u00eatre complexe et stressante. C\u2019est pourquoi nous proposons une gamme compl\u00e8te de services\" \/>\n<meta property=\"og:url\" content=\"https:\/\/e0db8a79c5.363.mcms.ovh.net\/?page_id=62\" \/>\n<meta property=\"og:site_name\" content=\"Easy-b\" \/>\n<meta property=\"article:modified_time\" content=\"2025-11-11T15:40:04+00:00\" \/>\n<meta name=\"twitter:card\" content=\"summary_large_image\" \/>\n<meta name=\"twitter:label1\" content=\"Dur\u00e9e de lecture estim\u00e9e\" \/>\n\t<meta name=\"twitter:data1\" content=\"17 minutes\" \/>\n<script type=\"application\/ld+json\" class=\"yoast-schema-graph\">{\"@context\":\"https:\\\/\\\/schema.org\",\"@graph\":[{\"@type\":\"WebPage\",\"@id\":\"https:\\\/\\\/e0db8a79c5.363.mcms.ovh.net\\\/?page_id=62\",\"url\":\"https:\\\/\\\/e0db8a79c5.363.mcms.ovh.net\\\/?page_id=62\",\"name\":\"Services administratifs Barcelone (Espagne) - Easy-b\",\"isPartOf\":{\"@id\":\"https:\\\/\\\/e0db8a79c5.363.mcms.ovh.net\\\/#website\"},\"datePublished\":\"2024-06-05T16:00:22+00:00\",\"dateModified\":\"2025-11-11T15:40:04+00:00\",\"description\":\"L\u2019installation dans un nouveau pays peut \u00eatre complexe et stressante. C\u2019est pourquoi nous proposons une gamme compl\u00e8te de services\",\"breadcrumb\":{\"@id\":\"https:\\\/\\\/e0db8a79c5.363.mcms.ovh.net\\\/?page_id=62#breadcrumb\"},\"inLanguage\":\"fr-FR\",\"potentialAction\":[{\"@type\":\"ReadAction\",\"target\":[\"https:\\\/\\\/e0db8a79c5.363.mcms.ovh.net\\\/?page_id=62\"]}]},{\"@type\":\"BreadcrumbList\",\"@id\":\"https:\\\/\\\/e0db8a79c5.363.mcms.ovh.net\\\/?page_id=62#breadcrumb\",\"itemListElement\":[{\"@type\":\"ListItem\",\"position\":1,\"name\":\"Accueil\",\"item\":\"https:\\\/\\\/e0db8a79c5.363.mcms.ovh.net\\\/\"},{\"@type\":\"ListItem\",\"position\":2,\"name\":\"Services administratifs Barcelone (Espagne)\"}]},{\"@type\":\"WebSite\",\"@id\":\"https:\\\/\\\/e0db8a79c5.363.mcms.ovh.net\\\/#website\",\"url\":\"https:\\\/\\\/e0db8a79c5.363.mcms.ovh.net\\\/\",\"name\":\"Easy-b\",\"description\":\"D\u00e9marches administrative en Espagne\",\"potentialAction\":[{\"@type\":\"SearchAction\",\"target\":{\"@type\":\"EntryPoint\",\"urlTemplate\":\"https:\\\/\\\/e0db8a79c5.363.mcms.ovh.net\\\/?s={search_term_string}\"},\"query-input\":{\"@type\":\"PropertyValueSpecification\",\"valueRequired\":true,\"valueName\":\"search_term_string\"}}],\"inLanguage\":\"fr-FR\"}]}<\/script>\n<!-- \/ Yoast SEO plugin. -->","yoast_head_json":{"title":"Services administratifs Barcelone (Espagne) - Easy-b","description":"L\u2019installation dans un nouveau pays peut \u00eatre complexe et stressante. C\u2019est pourquoi nous proposons une gamme compl\u00e8te de services","robots":{"index":"index","follow":"follow","max-snippet":"max-snippet:-1","max-image-preview":"max-image-preview:large","max-video-preview":"max-video-preview:-1"},"canonical":"https:\/\/e0db8a79c5.363.mcms.ovh.net\/?page_id=62","og_locale":"fr_FR","og_type":"article","og_title":"Services administratifs Barcelone (Espagne) - Easy-b","og_description":"L\u2019installation dans un nouveau pays peut \u00eatre complexe et stressante. C\u2019est pourquoi nous proposons une gamme compl\u00e8te de services","og_url":"https:\/\/e0db8a79c5.363.mcms.ovh.net\/?page_id=62","og_site_name":"Easy-b","article_modified_time":"2025-11-11T15:40:04+00:00","twitter_card":"summary_large_image","twitter_misc":{"Dur\u00e9e de lecture estim\u00e9e":"17 minutes"},"schema":{"@context":"https:\/\/schema.org","@graph":[{"@type":"WebPage","@id":"https:\/\/e0db8a79c5.363.mcms.ovh.net\/?page_id=62","url":"https:\/\/e0db8a79c5.363.mcms.ovh.net\/?page_id=62","name":"Services administratifs Barcelone (Espagne) - Easy-b","isPartOf":{"@id":"https:\/\/e0db8a79c5.363.mcms.ovh.net\/#website"},"datePublished":"2024-06-05T16:00:22+00:00","dateModified":"2025-11-11T15:40:04+00:00","description":"L\u2019installation dans un nouveau pays peut \u00eatre complexe et stressante. C\u2019est pourquoi nous proposons une gamme compl\u00e8te de services","breadcrumb":{"@id":"https:\/\/e0db8a79c5.363.mcms.ovh.net\/?page_id=62#breadcrumb"},"inLanguage":"fr-FR","potentialAction":[{"@type":"ReadAction","target":["https:\/\/e0db8a79c5.363.mcms.ovh.net\/?page_id=62"]}]},{"@type":"BreadcrumbList","@id":"https:\/\/e0db8a79c5.363.mcms.ovh.net\/?page_id=62#breadcrumb","itemListElement":[{"@type":"ListItem","position":1,"name":"Accueil","item":"https:\/\/e0db8a79c5.363.mcms.ovh.net\/"},{"@type":"ListItem","position":2,"name":"Services administratifs Barcelone (Espagne)"}]},{"@type":"WebSite","@id":"https:\/\/e0db8a79c5.363.mcms.ovh.net\/#website","url":"https:\/\/e0db8a79c5.363.mcms.ovh.net\/","name":"Easy-b","description":"D\u00e9marches administrative en Espagne","potentialAction":[{"@type":"SearchAction","target":{"@type":"EntryPoint","urlTemplate":"https:\/\/e0db8a79c5.363.mcms.ovh.net\/?s={search_term_string}"},"query-input":{"@type":"PropertyValueSpecification","valueRequired":true,"valueName":"search_term_string"}}],"inLanguage":"fr-FR"}]}},"_links":{"self":[{"href":"https:\/\/e0db8a79c5.363.mcms.ovh.net\/index.php?rest_route=\/wp\/v2\/pages\/62","targetHints":{"allow":["GET"]}}],"collection":[{"href":"https:\/\/e0db8a79c5.363.mcms.ovh.net\/index.php?rest_route=\/wp\/v2\/pages"}],"about":[{"href":"https:\/\/e0db8a79c5.363.mcms.ovh.net\/index.php?rest_route=\/wp\/v2\/types\/page"}],"author":[{"embeddable":true,"href":"https:\/\/e0db8a79c5.363.mcms.ovh.net\/index.php?rest_route=\/wp\/v2\/users\/1"}],"replies":[{"embeddable":true,"href":"https:\/\/e0db8a79c5.363.mcms.ovh.net\/index.php?rest_route=%2Fwp%2Fv2%2Fcomments&post=62"}],"version-history":[{"count":0,"href":"https:\/\/e0db8a79c5.363.mcms.ovh.net\/index.php?rest_route=\/wp\/v2\/pages\/62\/revisions"}],"wp:attachment":[{"href":"https:\/\/e0db8a79c5.363.mcms.ovh.net\/index.php?rest_route=%2Fwp%2Fv2%2Fmedia&parent=62"}],"curies":[{"name":"wp","href":"https:\/\/api.w.org\/{rel}","templated":true}]}}